{"id":212696,"date":"2023-10-27T00:22:22","date_gmt":"2023-10-27T00:22:22","guid":{"rendered":"https:\/\/terrenosenventa.es\/terrenos\/terreno-comercial-en-venta-en-caleta-de-vlez-r3923404\/"},"modified":"2024-02-29T01:14:05","modified_gmt":"2024-02-29T01:14:05","slug":"terreno-comercial-en-venta-en-caleta-de-vlez-r3923404","status":"publish","type":"property","link":"https:\/\/terrenosenventa.es\/en\/terrenos\/commercial-land-for-sale-in-caleta-de-vlez-r3923404\/","title":{"rendered":"Commercial land for sale in Caleta de V\u00e9lez - R3923404"},"content":{"rendered":"<h2>Commercial land for sale in <span class=\"no_translate\">Caleta de V\u00e9lez<\/span><\/h2>\n<p>Discover <b>Commercial land for sale in Caleta de V\u00e9lez<\/b>below is a brief description of this property:<\/p>\n<div class=\"description-1\">With a buildable area of 21,735 m2 and a surface area of 16,295 m2, it forms part of a high-level sector next to the Baviera Golf Course. There are plans to build 900 homes in this area, most of them single-family homes with private gardens.<\/p>\n<p>The plot is located just 500 metres from Caleta de V\u00e9lez, known for its marina and its magnificent beaches, considered one of the best on the Costa del Sol. It is also only 20 minutes from Malaga, with direct access to the motorway. <\/p>\n<p><strong>Valuation:<\/strong> The cadastral value of this land is \u20ac8,849,932.93, according to a recent municipal valuation. A valuation certificate of \u20ac8,636,737.13 (Tasaciones Hipotecarias S.A.U.) is available, valid for mortgage purposes. The Town Hall has confirmed that the plot can be used, in part or in its entirety, for various purposes.<\/p>\n<h3>Detailed, complementary and compatible uses:<\/h3>\n<ul>\n<li>Hotel use: a hotel (e.g. a 4-star hotel with 370 rooms), motels or aparthotels can be built.<\/li>\n<li>Use of Community Accommodation: as a residence for the elderly, children's residence or student residence.<\/li>\n<li>Use of offices and offices: including agencies, real estate agencies or banks.<\/li>\n<li>Commercial use: markets, supermarkets, shops, etc. can be established.<\/li>\n<li>Use of Medical Services: hospitals, clinics or outpatient clinics.<\/li>\n<li>Hospitality use: caf\u00e9s, bars, restaurants, discotheques, casinos, etc.<\/li>\n<li>Industrial use: transformation of raw or semi-finished materials.<\/li>\n<li>Educational use: including schools, kindergartens or universities.<\/li>\n<li>Recreational and Cultural Use: shows, cinemas, libraries, museums, etc.<\/li>\n<\/ul>\n<p>It is possible to use the entire plot and its buildable area for two or more of the above-mentioned uses, for example, a hotel and a retirement home. If you are interested, we would be happy to accompany you on a tour of the plot so that you can appreciate the beauty of the surroundings. The views from all the rooms of the hotel or residence, including the ground floor, are towards the sea, the golf course, the lake and the mountains. It is located in a growing area of the Costa del Sol. <\/p>\n<p><strong>The price is exclusive of VAT and remains an offer only until the end of the year.<\/strong><\/p>\n<h2>Caleta de V\u00e9lez<\/h2>\n<p>Caleta de Velez is famous for its marina and magnificent beaches. It is situated only 500 metres from the plot for sale. Its beaches are considered some of the best on the Costa del Sol, and its marina is perfect for lovers of the sea and water sports. In addition to its natural charms, Caleta de Velez offers a wide variety of services and amenities.<\/p>\n<p>For more information about Caleta de V\u00e9lez, you can visit <a href='https:\/\/www.google.com\/maps\/place\/Caleta de V\u00e9lez\/' target='_blank' rel=\"noopener\">Caleta de V\u00e9lez<\/a>.<\/p>\n<\/div>\n<p>If you need more information <a id=\"lenvente\" class=\"contacte\" href=\"..\/..\/contacto\/\">contact<\/a> with us and we will answer your questions.<\/p>\n<pre class=\"tipo-1\">Type: Commercial Plot - Ref: 5399 - Spain \/ M\u00e1laga \/ Costa del Sol East \/ Caleta de V\u00e9lez<\/pre>\n<div class=\"imggooglemap-1\"><a class=\"imggooglemap\" href=\"https:\/\/www.google.com\/maps\/search\/Caleta de V&#xE9;lez,M&#xE1;laga,Costa del Sol East,Spain\/\" target=\"_blank\" rel=\"noopener\"><img decoding=\"async\" src=\"https:\/\/www.terrenosenventa.es\/img\/googlemap.gif\" alt=\"Commercial land for sale in Caleta de V\u00e9lez\" \/><\/a><\/div>","protected":false},"excerpt":{"rendered":"<p>Located in Baviera Golf (Velez-Malaga), it has a buildable area of 21.735 m2 and occupies an area of 16.295 m2. It is part of a high level sector, next to the Baviera Golf Course, where the construction of 900 houses is planned, most of them detached houses with private garden. Situated 500 metres from Caleta de V\u00e9lez, famous for its Marina and magnificent beaches, among the best on the Costa del Sol and 20 minutes from Malaga with direct access to its motorway VALUATION: Its cadastral value is 8.849.932,93 \u20ac, after recent municipal appraisal A VALUATION CERTIFICATE OF \u20ac8.636.737,13 (TASACIONES HIPOTECARIAS S.A.U.), for mortgage purposes There is confirmation from the Town Hall to use the plot, in part or in its entirety, for any of the following uses: Detailed, complementary and compatible uses are: Hotel Use such as HOTEL (e.g. 4 star hotel with 370 rooms), Motels, Aparthotels Community Accommodation Use, such as RESIDENCIA ANCIANOS, Residencia Infantiles, Residencia de estudiantes. Use of Offices and Offices, such as Gestor\u00edas, Real Estate, Banks... Commercial Use, such as Markets, Supermarkets, Shops, etc. Medical Services, such as Hospitals, Clinics, Outpatients' Departments, etc. Hospitality use, such as Cafeterias, Bars, Restaurants, Discotheques, Casinos, etc. Industrial use: Transformation of raw or semi-finished materials. Educational use, such as schools, kindergartens, universities, etc. Recreational and Cultural Use, such as Shows, Cinemas, Libraries, Museums, etc. It is also possible to allocate the entire plot and its buildable area to two or more of the aforementioned uses (e.g. 1 Hotel + 1 Retirement Home). If you are interested, we would be delighted to accompany you on a visit to the plot, where you can see first hand the beauty of the surroundings, with views from all the rooms of the Hotel or Residence, including the ground floor, to the sea, golf course, lake and mountains; in an area, now in expansion of the Costa del Sol. The price is exclusive of VAT which is on offer only until the end of the year.<\/p>","protected":false},"author":0,"featured_media":228118,"parent":0,"menu_order":0,"comment_status":"closed","ping_status":"open","template":"","tipo-terrenos":[],"tipo-terreno":[92],"terrenos-en":[350],"zona-terrenos":[55],"acf":[],"yoast_head":"<!-- This site is optimized with the Yoast SEO plugin v22.3 - https:\/\/yoast.com\/wordpress\/plugins\/seo\/ -->\n<title>Terreno Comercial en Venta en Caleta de V&#xE9;lez - R3923404 - R3923404 - Terrenos en venta 2026<\/title>\n<meta name=\"description\" content=\"Propiedad en venta en Caleta de V&#xE9;lez. Ubicada en Baviera Golf (V&#xE9;lez-M&#xE1;laga), dispone de una Edificabilidad de 21.735 m2 y ... - R3923404\" \/>\n<meta name=\"robots\" content=\"index, follow, max-snippet:-1, max-image-preview:large, max-video-preview:-1\" \/>\n<link rel=\"canonical\" href=\"https:\/\/terrenosenventa.es\/en\/terrenos\/commercial-land-for-sale-in-caleta-de-vlez-r3923404\/\" \/>\n<meta property=\"og:locale\" content=\"en_GB\" \/>\n<meta property=\"og:type\" content=\"article\" \/>\n<meta property=\"og:title\" content=\"Terreno Comercial en venta en Caleta de V&#xE9;lez - R3923404 - R3923404\" \/>\n<meta property=\"og:description\" content=\"Propiedad en venta en Caleta de V&#xE9;lez. Ubicada en Baviera Golf (V&#xE9;lez-M&#xE1;laga), dispone de una Edificabilidad de 21.735 m2 y ... - R3923404 - R3923404\" \/>\n<meta property=\"og:url\" content=\"https:\/\/terrenosenventa.es\/en\/terrenos\/commercial-land-for-sale-in-caleta-de-vlez-r3923404\/\" \/>\n<meta property=\"og:site_name\" content=\"Terrenos en venta\" \/>\n<meta property=\"article:modified_time\" content=\"2024-02-29T01:14:05+00:00\" \/>\n<meta property=\"og:image\" content=\"https:\/\/terrenosenventa.es\/wp-content\/uploads\/wp-all-import\/1-8feb9a13440344d11ba504bcb1dd499c.jpg\" \/>\n<meta name=\"twitter:card\" content=\"summary_large_image\" \/>\n<meta name=\"twitter:title\" content=\"Terreno Comercial en venta en Caleta de V&#xE9;lez - R3923404 - R3923404 - R3923404\" \/>\n<meta name=\"twitter:description\" content=\"Propiedad en venta en Caleta de V&#xE9;lez. Ubicada en Baviera Golf (V&#xE9;lez-M&#xE1;laga), dispone de una Edificabilidad de 21.735 m2 y ... - R3923404\" \/>\n<meta name=\"twitter:image\" content=\"https:\/\/terrenosenventa.es\/wp-content\/uploads\/wp-all-import\/1-8feb9a13440344d11ba504bcb1dd499c.jpg\" \/>\n<meta name=\"twitter:label1\" content=\"Estimated reading time\" \/>\n\t<meta name=\"twitter:data1\" content=\"3 minutes\" \/>\n<script type=\"application\/ld+json\" class=\"yoast-schema-graph\">{\"@context\":\"https:\/\/schema.org\",\"@graph\":[{\"@type\":\"WebPage\",\"@id\":\"https:\/\/terrenosenventa.es\/terrenos\/terreno-comercial-en-venta-en-caleta-de-vlez-r3923404\/\",\"url\":\"https:\/\/terrenosenventa.es\/terrenos\/terreno-comercial-en-venta-en-caleta-de-vlez-r3923404\/\",\"name\":\"Terreno Comercial en Venta en Caleta de V&#xE9;lez - R3923404 - R3923404 - Terrenos en venta 2026\",\"isPartOf\":{\"@id\":\"https:\/\/terrenosenventa.es\/#website\"},\"primaryImageOfPage\":{\"@id\":\"https:\/\/terrenosenventa.es\/terrenos\/terreno-comercial-en-venta-en-caleta-de-vlez-r3923404\/#primaryimage\"},\"image\":{\"@id\":\"https:\/\/terrenosenventa.es\/terrenos\/terreno-comercial-en-venta-en-caleta-de-vlez-r3923404\/#primaryimage\"},\"thumbnailUrl\":\"https:\/\/terrenosenventa.es\/wp-content\/uploads\/wp-all-import\/nameimg-Terreno-Comercial-Terreno-en-venta-Caleta-de-VxE9lez-R3923404_ter-12.jpg\",\"datePublished\":\"2023-10-27T00:22:22+00:00\",\"dateModified\":\"2024-02-29T01:14:05+00:00\",\"description\":\"Propiedad en venta en Caleta de V&#xE9;lez. Ubicada en Baviera Golf (V&#xE9;lez-M&#xE1;laga), dispone de una Edificabilidad de 21.735 m2 y ... - R3923404\",\"breadcrumb\":{\"@id\":\"https:\/\/terrenosenventa.es\/terrenos\/terreno-comercial-en-venta-en-caleta-de-vlez-r3923404\/#breadcrumb\"},\"inLanguage\":\"en-GB\",\"potentialAction\":[{\"@type\":\"ReadAction\",\"target\":[\"https:\/\/terrenosenventa.es\/terrenos\/terreno-comercial-en-venta-en-caleta-de-vlez-r3923404\/\"]}]},{\"@type\":\"ImageObject\",\"inLanguage\":\"en-GB\",\"@id\":\"https:\/\/terrenosenventa.es\/terrenos\/terreno-comercial-en-venta-en-caleta-de-vlez-r3923404\/#primaryimage\",\"url\":\"https:\/\/terrenosenventa.es\/wp-content\/uploads\/wp-all-import\/nameimg-Terreno-Comercial-Terreno-en-venta-Caleta-de-VxE9lez-R3923404_ter-12.jpg\",\"contentUrl\":\"https:\/\/terrenosenventa.es\/wp-content\/uploads\/wp-all-import\/nameimg-Terreno-Comercial-Terreno-en-venta-Caleta-de-VxE9lez-R3923404_ter-12.jpg\",\"width\":400,\"height\":225,\"caption\":\"Terreno Comercial en Venta en Caleta de V&#xE9;lez\"},{\"@type\":\"BreadcrumbList\",\"@id\":\"https:\/\/terrenosenventa.es\/terrenos\/terreno-comercial-en-venta-en-caleta-de-vlez-r3923404\/#breadcrumb\",\"itemListElement\":[{\"@type\":\"ListItem\",\"position\":1,\"name\":\"Portada\",\"item\":\"https:\/\/terrenosenventa.es\/\"},{\"@type\":\"ListItem\",\"position\":2,\"name\":\"Propiedades\",\"item\":\"https:\/\/terrenosenventa.es\/terrenos\/\"},{\"@type\":\"ListItem\",\"position\":3,\"name\":\"Terreno Comercial en venta en Caleta de V&#xE9;lez &#8211; R3923404\"}]},{\"@type\":\"WebSite\",\"@id\":\"https:\/\/terrenosenventa.es\/#website\",\"url\":\"https:\/\/terrenosenventa.es\/\",\"name\":\"Terrenos en venta\",\"description\":\"Terrenos en venta en M\u00e1laga y C\u00e1diz, y m\u00e1s\",\"publisher\":{\"@id\":\"https:\/\/terrenosenventa.es\/#organization\"},\"potentialAction\":[{\"@type\":\"SearchAction\",\"target\":{\"@type\":\"EntryPoint\",\"urlTemplate\":\"https:\/\/terrenosenventa.es\/?s={search_term_string}\"},\"query-input\":\"required name=search_term_string\"}],\"inLanguage\":\"en-GB\"},{\"@type\":\"Organization\",\"@id\":\"https:\/\/terrenosenventa.es\/#organization\",\"name\":\"Terrenos en Venta\",\"url\":\"https:\/\/terrenosenventa.es\/\",\"logo\":{\"@type\":\"ImageObject\",\"inLanguage\":\"en-GB\",\"@id\":\"https:\/\/terrenosenventa.es\/#\/schema\/logo\/image\/\",\"url\":\"https:\/\/terrenosenventa.es\/wp-content\/uploads\/2020\/11\/LOGO-TER-300.png\",\"contentUrl\":\"https:\/\/terrenosenventa.es\/wp-content\/uploads\/2020\/11\/LOGO-TER-300.png\",\"width\":300,\"height\":112,\"caption\":\"Terrenos en Venta\"},\"image\":{\"@id\":\"https:\/\/terrenosenventa.es\/#\/schema\/logo\/image\/\"}}]}<\/script>\n<!-- \/ Yoast SEO plugin. -->","yoast_head_json":{"title":"Terreno Comercial en Venta en Caleta de V&#xE9;lez - R3923404 - R3923404 - Terrenos en venta 2026","description":"Propiedad en venta en Caleta de V&#xE9;lez. Ubicada en Baviera Golf (V&#xE9;lez-M&#xE1;laga), dispone de una Edificabilidad de 21.735 m2 y ... - R3923404","robots":{"index":"index","follow":"follow","max-snippet":"max-snippet:-1","max-image-preview":"max-image-preview:large","max-video-preview":"max-video-preview:-1"},"canonical":"https:\/\/terrenosenventa.es\/en\/terrenos\/commercial-land-for-sale-in-caleta-de-vlez-r3923404\/","og_locale":"en_GB","og_type":"article","og_title":"Terreno Comercial en venta en Caleta de V&#xE9;lez - R3923404 - R3923404","og_description":"Propiedad en venta en Caleta de V&#xE9;lez. Ubicada en Baviera Golf (V&#xE9;lez-M&#xE1;laga), dispone de una Edificabilidad de 21.735 m2 y ... - R3923404 - R3923404","og_url":"https:\/\/terrenosenventa.es\/en\/terrenos\/commercial-land-for-sale-in-caleta-de-vlez-r3923404\/","og_site_name":"Terrenos en venta","article_modified_time":"2024-02-29T01:14:05+00:00","og_image":[{"url":"https:\/\/terrenosenventa.es\/wp-content\/uploads\/wp-all-import\/1-8feb9a13440344d11ba504bcb1dd499c.jpg"}],"twitter_card":"summary_large_image","twitter_title":"Terreno Comercial en venta en Caleta de V&#xE9;lez - R3923404 - R3923404 - R3923404","twitter_description":"Propiedad en venta en Caleta de V&#xE9;lez. Ubicada en Baviera Golf (V&#xE9;lez-M&#xE1;laga), dispone de una Edificabilidad de 21.735 m2 y ... - R3923404","twitter_image":"https:\/\/terrenosenventa.es\/wp-content\/uploads\/wp-all-import\/1-8feb9a13440344d11ba504bcb1dd499c.jpg","twitter_misc":{"Estimated reading time":"3 minutes"},"schema":{"@context":"https:\/\/schema.org","@graph":[{"@type":"WebPage","@id":"https:\/\/terrenosenventa.es\/terrenos\/terreno-comercial-en-venta-en-caleta-de-vlez-r3923404\/","url":"https:\/\/terrenosenventa.es\/terrenos\/terreno-comercial-en-venta-en-caleta-de-vlez-r3923404\/","name":"Terreno Comercial en Venta en Caleta de V&#xE9;lez - R3923404 - R3923404 - Terrenos en venta 2026","isPartOf":{"@id":"https:\/\/terrenosenventa.es\/#website"},"primaryImageOfPage":{"@id":"https:\/\/terrenosenventa.es\/terrenos\/terreno-comercial-en-venta-en-caleta-de-vlez-r3923404\/#primaryimage"},"image":{"@id":"https:\/\/terrenosenventa.es\/terrenos\/terreno-comercial-en-venta-en-caleta-de-vlez-r3923404\/#primaryimage"},"thumbnailUrl":"https:\/\/terrenosenventa.es\/wp-content\/uploads\/wp-all-import\/nameimg-Terreno-Comercial-Terreno-en-venta-Caleta-de-VxE9lez-R3923404_ter-12.jpg","datePublished":"2023-10-27T00:22:22+00:00","dateModified":"2024-02-29T01:14:05+00:00","description":"Propiedad en venta en Caleta de V&#xE9;lez. Ubicada en Baviera Golf (V&#xE9;lez-M&#xE1;laga), dispone de una Edificabilidad de 21.735 m2 y ... - R3923404","breadcrumb":{"@id":"https:\/\/terrenosenventa.es\/terrenos\/terreno-comercial-en-venta-en-caleta-de-vlez-r3923404\/#breadcrumb"},"inLanguage":"en-GB","potentialAction":[{"@type":"ReadAction","target":["https:\/\/terrenosenventa.es\/terrenos\/terreno-comercial-en-venta-en-caleta-de-vlez-r3923404\/"]}]},{"@type":"ImageObject","inLanguage":"en-GB","@id":"https:\/\/terrenosenventa.es\/terrenos\/terreno-comercial-en-venta-en-caleta-de-vlez-r3923404\/#primaryimage","url":"https:\/\/terrenosenventa.es\/wp-content\/uploads\/wp-all-import\/nameimg-Terreno-Comercial-Terreno-en-venta-Caleta-de-VxE9lez-R3923404_ter-12.jpg","contentUrl":"https:\/\/terrenosenventa.es\/wp-content\/uploads\/wp-all-import\/nameimg-Terreno-Comercial-Terreno-en-venta-Caleta-de-VxE9lez-R3923404_ter-12.jpg","width":400,"height":225,"caption":"Terreno Comercial en Venta en Caleta de V&#xE9;lez"},{"@type":"BreadcrumbList","@id":"https:\/\/terrenosenventa.es\/terrenos\/terreno-comercial-en-venta-en-caleta-de-vlez-r3923404\/#breadcrumb","itemListElement":[{"@type":"ListItem","position":1,"name":"Portada","item":"https:\/\/terrenosenventa.es\/"},{"@type":"ListItem","position":2,"name":"Propiedades","item":"https:\/\/terrenosenventa.es\/terrenos\/"},{"@type":"ListItem","position":3,"name":"Terreno Comercial en venta en Caleta de V&#xE9;lez &#8211; R3923404"}]},{"@type":"WebSite","@id":"https:\/\/terrenosenventa.es\/#website","url":"https:\/\/terrenosenventa.es\/","name":"Terrenos en venta","description":"Terrenos en venta en M\u00e1laga y C\u00e1diz, y m\u00e1s","publisher":{"@id":"https:\/\/terrenosenventa.es\/#organization"},"potentialAction":[{"@type":"SearchAction","target":{"@type":"EntryPoint","urlTemplate":"https:\/\/terrenosenventa.es\/?s={search_term_string}"},"query-input":"required name=search_term_string"}],"inLanguage":"en-GB"},{"@type":"Organization","@id":"https:\/\/terrenosenventa.es\/#organization","name":"Terrenos en Venta","url":"https:\/\/terrenosenventa.es\/","logo":{"@type":"ImageObject","inLanguage":"en-GB","@id":"https:\/\/terrenosenventa.es\/#\/schema\/logo\/image\/","url":"https:\/\/terrenosenventa.es\/wp-content\/uploads\/2020\/11\/LOGO-TER-300.png","contentUrl":"https:\/\/terrenosenventa.es\/wp-content\/uploads\/2020\/11\/LOGO-TER-300.png","width":300,"height":112,"caption":"Terrenos en Venta"},"image":{"@id":"https:\/\/terrenosenventa.es\/#\/schema\/logo\/image\/"}}]}},"property_meta":{"REAL_HOMES_property_price":"3900000","REAL_HOMES_property_old_price":"","REAL_HOMES_property_price_prefix":"","REAL_HOMES_property_price_postfix":"","REAL_HOMES_property_size":"21735","REAL_HOMES_property_size_postfix":"m\u00b2","REAL_HOMES_property_lot_size":"","REAL_HOMES_property_lot_size_postfix":"","REAL_HOMES_property_bedrooms":"1","REAL_HOMES_property_bathrooms":"1","REAL_HOMES_property_garage":"0","REAL_HOMES_property_id":"R3923404","REAL_HOMES_property_year_built":"","REAL_HOMES_featured":"0","REAL_HOMES_additional_details_list":[["Detalles del tipo de terreno y su zona","Tipo Terreno Comercial en la zona de Caleta de V&#xE9;lez \u00e1rea Costa del Sol East de la provincia de M&#xE1;laga"]],"REAL_HOMES_property_location":{"latitude":"","longitude":"","zoom":""},"REAL_HOMES_property_address":"","REAL_HOMES_property_map":"1","REAL_HOMES_property_images":[{"width":150,"height":150,"file":"wp-all-import\/nameimg-Terreno-Comercial-Terreno-en-venta-Caleta-de-VxE9lez-R3923404_ter-12.jpg","filesize":44960,"sizes":{"medium":{"file":"nameimg-Terreno-Comercial-Terreno-en-venta-Caleta-de-VxE9lez-R3923404_ter-12-300x169.jpg","width":300,"height":169,"mime-type":"image\/jpeg","filesize":16910,"url":"https:\/\/terrenosenventa.es\/wp-content\/uploads\/wp-all-import\/nameimg-Terreno-Comercial-Terreno-en-venta-Caleta-de-VxE9lez-R3923404_ter-12-300x169.jpg"},"thumbnail":{"file":"nameimg-Terreno-Comercial-Terreno-en-venta-Caleta-de-VxE9lez-R3923404_ter-12-150x150.jpg","width":150,"height":150,"mime-type":"image\/jpeg","filesize":7364,"url":"https:\/\/terrenosenventa.es\/wp-content\/uploads\/wp-all-import\/nameimg-Terreno-Comercial-Terreno-en-venta-Caleta-de-VxE9lez-R3923404_ter-12-150x150.jpg"},"trp-custom-language-flag":{"file":"nameimg-Terreno-Comercial-Terreno-en-venta-Caleta-de-VxE9lez-R3923404_ter-12-18x10.jpg","width":18,"height":10,"mime-type":"image\/jpeg","filesize":486,"url":"https:\/\/terrenosenventa.es\/wp-content\/uploads\/wp-all-import\/nameimg-Terreno-Comercial-Terreno-en-venta-Caleta-de-VxE9lez-R3923404_ter-12-18x10.jpg"},"post-thumbnail":{"file":"nameimg-Terreno-Comercial-Terreno-en-venta-Caleta-de-VxE9lez-R3923404_ter-12-150x84.jpg","width":150,"height":84,"mime-type":"image\/jpeg","filesize":4749,"url":"https:\/\/terrenosenventa.es\/wp-content\/uploads\/wp-all-import\/nameimg-Terreno-Comercial-Terreno-en-venta-Caleta-de-VxE9lez-R3923404_ter-12-150x84.jpg"},"property-detail-slider-thumb":{"file":"nameimg-Terreno-Comercial-Terreno-en-venta-Caleta-de-VxE9lez-R3923404_ter-12-82x60.jpg","width":82,"height":60,"mime-type":"image\/jpeg","filesize":2185,"url":"https:\/\/terrenosenventa.es\/wp-content\/uploads\/wp-all-import\/nameimg-Terreno-Comercial-Terreno-en-venta-Caleta-de-VxE9lez-R3923404_ter-12-82x60.jpg"}},"image_meta":{"aperture":"0","credit":"","camera":"","caption":"","created_timestamp":"0","copyright":"","focal_length":"0","iso":"0","shutter_speed":"0","title":"","orientation":"0","keywords":[]},"ID":"228118","name":"nameimg-Terreno-Comercial-Terreno-en-venta-Caleta-de-VxE9lez-R3923404_ter-12.jpg","path":"\/home\/alarmasg\/terrenosenventa.es\/wp-content\/uploads\/wp-all-import\/nameimg-Terreno-Comercial-Terreno-en-venta-Caleta-de-VxE9lez-R3923404_ter-12.jpg","url":"https:\/\/terrenosenventa.es\/wp-content\/uploads\/wp-all-import\/nameimg-Terreno-Comercial-Terreno-en-venta-Caleta-de-VxE9lez-R3923404_ter-12-150x150.jpg","full_url":"https:\/\/terrenosenventa.es\/wp-content\/uploads\/wp-all-import\/nameimg-Terreno-Comercial-Terreno-en-venta-Caleta-de-VxE9lez-R3923404_ter-12.jpg","title":"Terreno Comercial en Venta en Caleta de V&#xE9;lez","caption":"Terreno Comercial en Venta en Caleta de V&#xE9;lez","description":"","alt":"Terreno Comercial en Venta en Caleta de V&#xE9;lez","srcset":false},{"width":150,"height":150,"file":"wp-all-import\/nameimg-Terreno-Comercial-Terreno-en-venta-Caleta-de-VxE9lez-R3923404_ter-1-1.jpg","filesize":44994,"sizes":{"medium":{"file":"nameimg-Terreno-Comercial-Terreno-en-venta-Caleta-de-VxE9lez-R3923404_ter-1-1-300x169.jpg","width":300,"height":169,"mime-type":"image\/jpeg","filesize":16896,"url":"https:\/\/terrenosenventa.es\/wp-content\/uploads\/wp-all-import\/nameimg-Terreno-Comercial-Terreno-en-venta-Caleta-de-VxE9lez-R3923404_ter-1-1-300x169.jpg"},"thumbnail":{"file":"nameimg-Terreno-Comercial-Terreno-en-venta-Caleta-de-VxE9lez-R3923404_ter-1-1-150x150.jpg","width":150,"height":150,"mime-type":"image\/jpeg","filesize":8201,"url":"https:\/\/terrenosenventa.es\/wp-content\/uploads\/wp-all-import\/nameimg-Terreno-Comercial-Terreno-en-venta-Caleta-de-VxE9lez-R3923404_ter-1-1-150x150.jpg"},"trp-custom-language-flag":{"file":"nameimg-Terreno-Comercial-Terreno-en-venta-Caleta-de-VxE9lez-R3923404_ter-1-1-18x10.jpg","width":18,"height":10,"mime-type":"image\/jpeg","filesize":470,"url":"https:\/\/terrenosenventa.es\/wp-content\/uploads\/wp-all-import\/nameimg-Terreno-Comercial-Terreno-en-venta-Caleta-de-VxE9lez-R3923404_ter-1-1-18x10.jpg"},"post-thumbnail":{"file":"nameimg-Terreno-Comercial-Terreno-en-venta-Caleta-de-VxE9lez-R3923404_ter-1-1-150x84.jpg","width":150,"height":84,"mime-type":"image\/jpeg","filesize":4889,"url":"https:\/\/terrenosenventa.es\/wp-content\/uploads\/wp-all-import\/nameimg-Terreno-Comercial-Terreno-en-venta-Caleta-de-VxE9lez-R3923404_ter-1-1-150x84.jpg"},"property-detail-slider-thumb":{"file":"nameimg-Terreno-Comercial-Terreno-en-venta-Caleta-de-VxE9lez-R3923404_ter-1-1-82x60.jpg","width":82,"height":60,"mime-type":"image\/jpeg","filesize":2365,"url":"https:\/\/terrenosenventa.es\/wp-content\/uploads\/wp-all-import\/nameimg-Terreno-Comercial-Terreno-en-venta-Caleta-de-VxE9lez-R3923404_ter-1-1-82x60.jpg"}},"image_meta":{"aperture":"0","credit":"","camera":"","caption":"","created_timestamp":"0","copyright":"","focal_length":"0","iso":"0","shutter_speed":"0","title":"","orientation":"0","keywords":[]},"ID":"228119","name":"nameimg-Terreno-Comercial-Terreno-en-venta-Caleta-de-VxE9lez-R3923404_ter-1-1.jpg","path":"\/home\/alarmasg\/terrenosenventa.es\/wp-content\/uploads\/wp-all-import\/nameimg-Terreno-Comercial-Terreno-en-venta-Caleta-de-VxE9lez-R3923404_ter-1-1.jpg","url":"https:\/\/terrenosenventa.es\/wp-content\/uploads\/wp-all-import\/nameimg-Terreno-Comercial-Terreno-en-venta-Caleta-de-VxE9lez-R3923404_ter-1-1-150x150.jpg","full_url":"https:\/\/terrenosenventa.es\/wp-content\/uploads\/wp-all-import\/nameimg-Terreno-Comercial-Terreno-en-venta-Caleta-de-VxE9lez-R3923404_ter-1-1.jpg","title":"Terreno Comercial en Venta en Caleta de V&#xE9;lez","caption":"Terreno Comercial en Venta en Caleta de V&#xE9;lez","description":"","alt":"Terreno Comercial en Venta en Caleta de V&#xE9;lez","srcset":false},{"width":150,"height":150,"file":"wp-all-import\/nameimg-Terreno-Comercial-Terreno-en-venta-Caleta-de-VxE9lez-R3923404_ter-2-1.jpg","filesize":86872,"sizes":{"medium":{"file":"nameimg-Terreno-Comercial-Terreno-en-venta-Caleta-de-VxE9lez-R3923404_ter-2-1-249x300.jpg","width":249,"height":300,"mime-type":"image\/jpeg","filesize":24612,"url":"https:\/\/terrenosenventa.es\/wp-content\/uploads\/wp-all-import\/nameimg-Terreno-Comercial-Terreno-en-venta-Caleta-de-VxE9lez-R3923404_ter-2-1-249x300.jpg"},"thumbnail":{"file":"nameimg-Terreno-Comercial-Terreno-en-venta-Caleta-de-VxE9lez-R3923404_ter-2-1-150x150.jpg","width":150,"height":150,"mime-type":"image\/jpeg","filesize":8183,"url":"https:\/\/terrenosenventa.es\/wp-content\/uploads\/wp-all-import\/nameimg-Terreno-Comercial-Terreno-en-venta-Caleta-de-VxE9lez-R3923404_ter-2-1-150x150.jpg"},"trp-custom-language-flag":{"file":"nameimg-Terreno-Comercial-Terreno-en-venta-Caleta-de-VxE9lez-R3923404_ter-2-1-10x12.jpg","width":10,"height":12,"mime-type":"image\/jpeg","filesize":431,"url":"https:\/\/terrenosenventa.es\/wp-content\/uploads\/wp-all-import\/nameimg-Terreno-Comercial-Terreno-en-venta-Caleta-de-VxE9lez-R3923404_ter-2-1-10x12.jpg"},"post-thumbnail":{"file":"nameimg-Terreno-Comercial-Terreno-en-venta-Caleta-de-VxE9lez-R3923404_ter-2-1-125x150.jpg","width":125,"height":150,"mime-type":"image\/jpeg","filesize":7019,"url":"https:\/\/terrenosenventa.es\/wp-content\/uploads\/wp-all-import\/nameimg-Terreno-Comercial-Terreno-en-venta-Caleta-de-VxE9lez-R3923404_ter-2-1-125x150.jpg"},"property-detail-video-image":{"file":"nameimg-Terreno-Comercial-Terreno-en-venta-Caleta-de-VxE9lez-R3923404_ter-2-1-400x417.jpg","width":400,"height":417,"mime-type":"image\/jpeg","filesize":62672,"url":"https:\/\/terrenosenventa.es\/wp-content\/uploads\/wp-all-import\/nameimg-Terreno-Comercial-Terreno-en-venta-Caleta-de-VxE9lez-R3923404_ter-2-1-400x417.jpg"},"gallery-two-column-image":{"file":"nameimg-Terreno-Comercial-Terreno-en-venta-Caleta-de-VxE9lez-R3923404_ter-2-1-400x269.jpg","width":400,"height":269,"mime-type":"image\/jpeg","filesize":36449,"url":"https:\/\/terrenosenventa.es\/wp-content\/uploads\/wp-all-import\/nameimg-Terreno-Comercial-Terreno-en-venta-Caleta-de-VxE9lez-R3923404_ter-2-1-400x269.jpg"},"property-detail-slider-thumb":{"file":"nameimg-Terreno-Comercial-Terreno-en-venta-Caleta-de-VxE9lez-R3923404_ter-2-1-82x60.jpg","width":82,"height":60,"mime-type":"image\/jpeg","filesize":2363,"url":"https:\/\/terrenosenventa.es\/wp-content\/uploads\/wp-all-import\/nameimg-Terreno-Comercial-Terreno-en-venta-Caleta-de-VxE9lez-R3923404_ter-2-1-82x60.jpg"}},"image_meta":{"aperture":"0","credit":"","camera":"","caption":"","created_timestamp":"0","copyright":"","focal_length":"0","iso":"0","shutter_speed":"0","title":"","orientation":"0","keywords":[]},"ID":"228120","name":"nameimg-Terreno-Comercial-Terreno-en-venta-Caleta-de-VxE9lez-R3923404_ter-2-1.jpg","path":"\/home\/alarmasg\/terrenosenventa.es\/wp-content\/uploads\/wp-all-import\/nameimg-Terreno-Comercial-Terreno-en-venta-Caleta-de-VxE9lez-R3923404_ter-2-1.jpg","url":"https:\/\/terrenosenventa.es\/wp-content\/uploads\/wp-all-import\/nameimg-Terreno-Comercial-Terreno-en-venta-Caleta-de-VxE9lez-R3923404_ter-2-1-150x150.jpg","full_url":"https:\/\/terrenosenventa.es\/wp-content\/uploads\/wp-all-import\/nameimg-Terreno-Comercial-Terreno-en-venta-Caleta-de-VxE9lez-R3923404_ter-2-1.jpg","title":"Terreno Comercial en Venta en Caleta de V&#xE9;lez","caption":"Terreno Comercial en Venta en Caleta de V&#xE9;lez","description":"","alt":"Terreno Comercial en Venta en Caleta de V&#xE9;lez","srcset":false},{"width":150,"height":150,"file":"wp-all-import\/nameimg-Terreno-Comercial-Terreno-en-venta-Caleta-de-VxE9lez-R3923404_ter-3-1.jpg","filesize":47347,"sizes":{"medium":{"file":"nameimg-Terreno-Comercial-Terreno-en-venta-Caleta-de-VxE9lez-R3923404_ter-3-1-300x169.jpg","width":300,"height":169,"mime-type":"image\/jpeg","filesize":18418,"url":"https:\/\/terrenosenventa.es\/wp-content\/uploads\/wp-all-import\/nameimg-Terreno-Comercial-Terreno-en-venta-Caleta-de-VxE9lez-R3923404_ter-3-1-300x169.jpg"},"thumbnail":{"file":"nameimg-Terreno-Comercial-Terreno-en-venta-Caleta-de-VxE9lez-R3923404_ter-3-1-150x150.jpg","width":150,"height":150,"mime-type":"image\/jpeg","filesize":8709,"url":"https:\/\/terrenosenventa.es\/wp-content\/uploads\/wp-all-import\/nameimg-Terreno-Comercial-Terreno-en-venta-Caleta-de-VxE9lez-R3923404_ter-3-1-150x150.jpg"},"trp-custom-language-flag":{"file":"nameimg-Terreno-Comercial-Terreno-en-venta-Caleta-de-VxE9lez-R3923404_ter-3-1-18x10.jpg","width":18,"height":10,"mime-type":"image\/jpeg","filesize":509,"url":"https:\/\/terrenosenventa.es\/wp-content\/uploads\/wp-all-import\/nameimg-Terreno-Comercial-Terreno-en-venta-Caleta-de-VxE9lez-R3923404_ter-3-1-18x10.jpg"},"post-thumbnail":{"file":"nameimg-Terreno-Comercial-Terreno-en-venta-Caleta-de-VxE9lez-R3923404_ter-3-1-150x84.jpg","width":150,"height":84,"mime-type":"image\/jpeg","filesize":5403,"url":"https:\/\/terrenosenventa.es\/wp-content\/uploads\/wp-all-import\/nameimg-Terreno-Comercial-Terreno-en-venta-Caleta-de-VxE9lez-R3923404_ter-3-1-150x84.jpg"},"property-detail-slider-thumb":{"file":"nameimg-Terreno-Comercial-Terreno-en-venta-Caleta-de-VxE9lez-R3923404_ter-3-1-82x60.jpg","width":82,"height":60,"mime-type":"image\/jpeg","filesize":2554,"url":"https:\/\/terrenosenventa.es\/wp-content\/uploads\/wp-all-import\/nameimg-Terreno-Comercial-Terreno-en-venta-Caleta-de-VxE9lez-R3923404_ter-3-1-82x60.jpg"}},"image_meta":{"aperture":"0","credit":"","camera":"","caption":"","created_timestamp":"0","copyright":"","focal_length":"0","iso":"0","shutter_speed":"0","title":"","orientation":"0","keywords":[]},"ID":"228121","name":"nameimg-Terreno-Comercial-Terreno-en-venta-Caleta-de-VxE9lez-R3923404_ter-3-1.jpg","path":"\/home\/alarmasg\/terrenosenventa.es\/wp-content\/uploads\/wp-all-import\/nameimg-Terreno-Comercial-Terreno-en-venta-Caleta-de-VxE9lez-R3923404_ter-3-1.jpg","url":"https:\/\/terrenosenventa.es\/wp-content\/uploads\/wp-all-import\/nameimg-Terreno-Comercial-Terreno-en-venta-Caleta-de-VxE9lez-R3923404_ter-3-1-150x150.jpg","full_url":"https:\/\/terrenosenventa.es\/wp-content\/uploads\/wp-all-import\/nameimg-Terreno-Comercial-Terreno-en-venta-Caleta-de-VxE9lez-R3923404_ter-3-1.jpg","title":"Terreno Comercial en Venta en Caleta de V&#xE9;lez","caption":"Terreno Comercial en Venta en Caleta de V&#xE9;lez","description":"","alt":"Terreno Comercial en Venta en Caleta de V&#xE9;lez","srcset":false},{"width":150,"height":150,"file":"wp-all-import\/nameimg-Terreno-Comercial-Terreno-en-venta-Caleta-de-VxE9lez-R3923404_ter-4-1.jpg","filesize":24082,"sizes":{"medium":{"file":"nameimg-Terreno-Comercial-Terreno-en-venta-Caleta-de-VxE9lez-R3923404_ter-4-1-300x169.jpg","width":300,"height":169,"mime-type":"image\/jpeg","filesize":9640,"url":"https:\/\/terrenosenventa.es\/wp-content\/uploads\/wp-all-import\/nameimg-Terreno-Comercial-Terreno-en-venta-Caleta-de-VxE9lez-R3923404_ter-4-1-300x169.jpg"},"thumbnail":{"file":"nameimg-Terreno-Comercial-Terreno-en-venta-Caleta-de-VxE9lez-R3923404_ter-4-1-150x150.jpg","width":150,"height":150,"mime-type":"image\/jpeg","filesize":5352,"url":"https:\/\/terrenosenventa.es\/wp-content\/uploads\/wp-all-import\/nameimg-Terreno-Comercial-Terreno-en-venta-Caleta-de-VxE9lez-R3923404_ter-4-1-150x150.jpg"},"trp-custom-language-flag":{"file":"nameimg-Terreno-Comercial-Terreno-en-venta-Caleta-de-VxE9lez-R3923404_ter-4-1-18x10.jpg","width":18,"height":10,"mime-type":"image\/jpeg","filesize":481,"url":"https:\/\/terrenosenventa.es\/wp-content\/uploads\/wp-all-import\/nameimg-Terreno-Comercial-Terreno-en-venta-Caleta-de-VxE9lez-R3923404_ter-4-1-18x10.jpg"},"post-thumbnail":{"file":"nameimg-Terreno-Comercial-Terreno-en-venta-Caleta-de-VxE9lez-R3923404_ter-4-1-150x84.jpg","width":150,"height":84,"mime-type":"image\/jpeg","filesize":3173,"url":"https:\/\/terrenosenventa.es\/wp-content\/uploads\/wp-all-import\/nameimg-Terreno-Comercial-Terreno-en-venta-Caleta-de-VxE9lez-R3923404_ter-4-1-150x84.jpg"},"property-detail-slider-thumb":{"file":"nameimg-Terreno-Comercial-Terreno-en-venta-Caleta-de-VxE9lez-R3923404_ter-4-1-82x60.jpg","width":82,"height":60,"mime-type":"image\/jpeg","filesize":1728,"url":"https:\/\/terrenosenventa.es\/wp-content\/uploads\/wp-all-import\/nameimg-Terreno-Comercial-Terreno-en-venta-Caleta-de-VxE9lez-R3923404_ter-4-1-82x60.jpg"}},"image_meta":{"aperture":"0","credit":"","camera":"","caption":"","created_timestamp":"0","copyright":"","focal_length":"0","iso":"0","shutter_speed":"0","title":"","orientation":"0","keywords":[]},"ID":"228122","name":"nameimg-Terreno-Comercial-Terreno-en-venta-Caleta-de-VxE9lez-R3923404_ter-4-1.jpg","path":"\/home\/alarmasg\/terrenosenventa.es\/wp-content\/uploads\/wp-all-import\/nameimg-Terreno-Comercial-Terreno-en-venta-Caleta-de-VxE9lez-R3923404_ter-4-1.jpg","url":"https:\/\/terrenosenventa.es\/wp-content\/uploads\/wp-all-import\/nameimg-Terreno-Comercial-Terreno-en-venta-Caleta-de-VxE9lez-R3923404_ter-4-1-150x150.jpg","full_url":"https:\/\/terrenosenventa.es\/wp-content\/uploads\/wp-all-import\/nameimg-Terreno-Comercial-Terreno-en-venta-Caleta-de-VxE9lez-R3923404_ter-4-1.jpg","title":"Terreno Comercial en Venta en Caleta de V&#xE9;lez","caption":"Terreno Comercial en Venta en Caleta de V&#xE9;lez","description":"","alt":"Terreno Comercial en Venta en Caleta de V&#xE9;lez","srcset":false},{"width":150,"height":150,"file":"wp-all-import\/nameimg-Terreno-Comercial-Terreno-en-venta-Caleta-de-VxE9lez-R3923404_ter-5-1.jpg","filesize":35483,"sizes":{"medium":{"file":"nameimg-Terreno-Comercial-Terreno-en-venta-Caleta-de-VxE9lez-R3923404_ter-5-1-300x169.jpg","width":300,"height":169,"mime-type":"image\/jpeg","filesize":14144,"url":"https:\/\/terrenosenventa.es\/wp-content\/uploads\/wp-all-import\/nameimg-Terreno-Comercial-Terreno-en-venta-Caleta-de-VxE9lez-R3923404_ter-5-1-300x169.jpg"},"thumbnail":{"file":"nameimg-Terreno-Comercial-Terreno-en-venta-Caleta-de-VxE9lez-R3923404_ter-5-1-150x150.jpg","width":150,"height":150,"mime-type":"image\/jpeg","filesize":6535,"url":"https:\/\/terrenosenventa.es\/wp-content\/uploads\/wp-all-import\/nameimg-Terreno-Comercial-Terreno-en-venta-Caleta-de-VxE9lez-R3923404_ter-5-1-150x150.jpg"},"trp-custom-language-flag":{"file":"nameimg-Terreno-Comercial-Terreno-en-venta-Caleta-de-VxE9lez-R3923404_ter-5-1-18x10.jpg","width":18,"height":10,"mime-type":"image\/jpeg","filesize":518,"url":"https:\/\/terrenosenventa.es\/wp-content\/uploads\/wp-all-import\/nameimg-Terreno-Comercial-Terreno-en-venta-Caleta-de-VxE9lez-R3923404_ter-5-1-18x10.jpg"},"post-thumbnail":{"file":"nameimg-Terreno-Comercial-Terreno-en-venta-Caleta-de-VxE9lez-R3923404_ter-5-1-150x84.jpg","width":150,"height":84,"mime-type":"image\/jpeg","filesize":4587,"url":"https:\/\/terrenosenventa.es\/wp-content\/uploads\/wp-all-import\/nameimg-Terreno-Comercial-Terreno-en-venta-Caleta-de-VxE9lez-R3923404_ter-5-1-150x84.jpg"},"property-detail-slider-thumb":{"file":"nameimg-Terreno-Comercial-Terreno-en-venta-Caleta-de-VxE9lez-R3923404_ter-5-1-82x60.jpg","width":82,"height":60,"mime-type":"image\/jpeg","filesize":2204,"url":"https:\/\/terrenosenventa.es\/wp-content\/uploads\/wp-all-import\/nameimg-Terreno-Comercial-Terreno-en-venta-Caleta-de-VxE9lez-R3923404_ter-5-1-82x60.jpg"}},"image_meta":{"aperture":"0","credit":"","camera":"","caption":"","created_timestamp":"0","copyright":"","focal_length":"0","iso":"0","shutter_speed":"0","title":"","orientation":"0","keywords":[]},"ID":"228123","name":"nameimg-Terreno-Comercial-Terreno-en-venta-Caleta-de-VxE9lez-R3923404_ter-5-1.jpg","path":"\/home\/alarmasg\/terrenosenventa.es\/wp-content\/uploads\/wp-all-import\/nameimg-Terreno-Comercial-Terreno-en-venta-Caleta-de-VxE9lez-R3923404_ter-5-1.jpg","url":"https:\/\/terrenosenventa.es\/wp-content\/uploads\/wp-all-import\/nameimg-Terreno-Comercial-Terreno-en-venta-Caleta-de-VxE9lez-R3923404_ter-5-1-150x150.jpg","full_url":"https:\/\/terrenosenventa.es\/wp-content\/uploads\/wp-all-import\/nameimg-Terreno-Comercial-Terreno-en-venta-Caleta-de-VxE9lez-R3923404_ter-5-1.jpg","title":"Terreno Comercial en Venta en Caleta de V&#xE9;lez","caption":"Terreno Comercial en Venta en Caleta de V&#xE9;lez","description":"","alt":"Terreno Comercial en Venta en Caleta de V&#xE9;lez","srcset":false},{"width":150,"height":150,"file":"wp-all-import\/nameimg-Terreno-Comercial-Terreno-en-venta-Caleta-de-VxE9lez-R3923404_ter-6-1.jpg","filesize":37087,"sizes":{"medium":{"file":"nameimg-Terreno-Comercial-Terreno-en-venta-Caleta-de-VxE9lez-R3923404_ter-6-1-300x169.jpg","width":300,"height":169,"mime-type":"image\/jpeg","filesize":14813,"url":"https:\/\/terrenosenventa.es\/wp-content\/uploads\/wp-all-import\/nameimg-Terreno-Comercial-Terreno-en-venta-Caleta-de-VxE9lez-R3923404_ter-6-1-300x169.jpg"},"thumbnail":{"file":"nameimg-Terreno-Comercial-Terreno-en-venta-Caleta-de-VxE9lez-R3923404_ter-6-1-150x150.jpg","width":150,"height":150,"mime-type":"image\/jpeg","filesize":6574,"url":"https:\/\/terrenosenventa.es\/wp-content\/uploads\/wp-all-import\/nameimg-Terreno-Comercial-Terreno-en-venta-Caleta-de-VxE9lez-R3923404_ter-6-1-150x150.jpg"},"trp-custom-language-flag":{"file":"nameimg-Terreno-Comercial-Terreno-en-venta-Caleta-de-VxE9lez-R3923404_ter-6-1-18x10.jpg","width":18,"height":10,"mime-type":"image\/jpeg","filesize":515,"url":"https:\/\/terrenosenventa.es\/wp-content\/uploads\/wp-all-import\/nameimg-Terreno-Comercial-Terreno-en-venta-Caleta-de-VxE9lez-R3923404_ter-6-1-18x10.jpg"},"post-thumbnail":{"file":"nameimg-Terreno-Comercial-Terreno-en-venta-Caleta-de-VxE9lez-R3923404_ter-6-1-150x84.jpg","width":150,"height":84,"mime-type":"image\/jpeg","filesize":4669,"url":"https:\/\/terrenosenventa.es\/wp-content\/uploads\/wp-all-import\/nameimg-Terreno-Comercial-Terreno-en-venta-Caleta-de-VxE9lez-R3923404_ter-6-1-150x84.jpg"},"property-detail-slider-thumb":{"file":"nameimg-Terreno-Comercial-Terreno-en-venta-Caleta-de-VxE9lez-R3923404_ter-6-1-82x60.jpg","width":82,"height":60,"mime-type":"image\/jpeg","filesize":2285,"url":"https:\/\/terrenosenventa.es\/wp-content\/uploads\/wp-all-import\/nameimg-Terreno-Comercial-Terreno-en-venta-Caleta-de-VxE9lez-R3923404_ter-6-1-82x60.jpg"}},"image_meta":{"aperture":"0","credit":"","camera":"","caption":"","created_timestamp":"0","copyright":"","focal_length":"0","iso":"0","shutter_speed":"0","title":"","orientation":"0","keywords":[]},"ID":"228124","name":"nameimg-Terreno-Comercial-Terreno-en-venta-Caleta-de-VxE9lez-R3923404_ter-6-1.jpg","path":"\/home\/alarmasg\/terrenosenventa.es\/wp-content\/uploads\/wp-all-import\/nameimg-Terreno-Comercial-Terreno-en-venta-Caleta-de-VxE9lez-R3923404_ter-6-1.jpg","url":"https:\/\/terrenosenventa.es\/wp-content\/uploads\/wp-all-import\/nameimg-Terreno-Comercial-Terreno-en-venta-Caleta-de-VxE9lez-R3923404_ter-6-1-150x150.jpg","full_url":"https:\/\/terrenosenventa.es\/wp-content\/uploads\/wp-all-import\/nameimg-Terreno-Comercial-Terreno-en-venta-Caleta-de-VxE9lez-R3923404_ter-6-1.jpg","title":"Terreno Comercial en Venta en Caleta de V&#xE9;lez","caption":"Terreno Comercial en Venta en Caleta de V&#xE9;lez","description":"","alt":"Terreno Comercial en Venta en Caleta de V&#xE9;lez","srcset":false},{"width":150,"height":150,"file":"wp-all-import\/nameimg-Terreno-Comercial-Terreno-en-venta-Caleta-de-VxE9lez-R3923404_ter-7-1.jpg","filesize":38544,"sizes":{"medium":{"file":"nameimg-Terreno-Comercial-Terreno-en-venta-Caleta-de-VxE9lez-R3923404_ter-7-1-300x169.jpg","width":300,"height":169,"mime-type":"image\/jpeg","filesize":15679,"url":"https:\/\/terrenosenventa.es\/wp-content\/uploads\/wp-all-import\/nameimg-Terreno-Comercial-Terreno-en-venta-Caleta-de-VxE9lez-R3923404_ter-7-1-300x169.jpg"},"thumbnail":{"file":"nameimg-Terreno-Comercial-Terreno-en-venta-Caleta-de-VxE9lez-R3923404_ter-7-1-150x150.jpg","width":150,"height":150,"mime-type":"image\/jpeg","filesize":7187,"url":"https:\/\/terrenosenventa.es\/wp-content\/uploads\/wp-all-import\/nameimg-Terreno-Comercial-Terreno-en-venta-Caleta-de-VxE9lez-R3923404_ter-7-1-150x150.jpg"},"trp-custom-language-flag":{"file":"nameimg-Terreno-Comercial-Terreno-en-venta-Caleta-de-VxE9lez-R3923404_ter-7-1-18x10.jpg","width":18,"height":10,"mime-type":"image\/jpeg","filesize":536,"url":"https:\/\/terrenosenventa.es\/wp-content\/uploads\/wp-all-import\/nameimg-Terreno-Comercial-Terreno-en-venta-Caleta-de-VxE9lez-R3923404_ter-7-1-18x10.jpg"},"post-thumbnail":{"file":"nameimg-Terreno-Comercial-Terreno-en-venta-Caleta-de-VxE9lez-R3923404_ter-7-1-150x84.jpg","width":150,"height":84,"mime-type":"image\/jpeg","filesize":5000,"url":"https:\/\/terrenosenventa.es\/wp-content\/uploads\/wp-all-import\/nameimg-Terreno-Comercial-Terreno-en-venta-Caleta-de-VxE9lez-R3923404_ter-7-1-150x84.jpg"},"property-detail-slider-thumb":{"file":"nameimg-Terreno-Comercial-Terreno-en-venta-Caleta-de-VxE9lez-R3923404_ter-7-1-82x60.jpg","width":82,"height":60,"mime-type":"image\/jpeg","filesize":2456,"url":"https:\/\/terrenosenventa.es\/wp-content\/uploads\/wp-all-import\/nameimg-Terreno-Comercial-Terreno-en-venta-Caleta-de-VxE9lez-R3923404_ter-7-1-82x60.jpg"}},"image_meta":{"aperture":"0","credit":"","camera":"","caption":"","created_timestamp":"0","copyright":"","focal_length":"0","iso":"0","shutter_speed":"0","title":"","orientation":"0","keywords":[]},"ID":"228125","name":"nameimg-Terreno-Comercial-Terreno-en-venta-Caleta-de-VxE9lez-R3923404_ter-7-1.jpg","path":"\/home\/alarmasg\/terrenosenventa.es\/wp-content\/uploads\/wp-all-import\/nameimg-Terreno-Comercial-Terreno-en-venta-Caleta-de-VxE9lez-R3923404_ter-7-1.jpg","url":"https:\/\/terrenosenventa.es\/wp-content\/uploads\/wp-all-import\/nameimg-Terreno-Comercial-Terreno-en-venta-Caleta-de-VxE9lez-R3923404_ter-7-1-150x150.jpg","full_url":"https:\/\/terrenosenventa.es\/wp-content\/uploads\/wp-all-import\/nameimg-Terreno-Comercial-Terreno-en-venta-Caleta-de-VxE9lez-R3923404_ter-7-1.jpg","title":"Terreno Comercial en Venta en Caleta de V&#xE9;lez","caption":"Terreno Comercial en Venta en Caleta de V&#xE9;lez","description":"","alt":"Terreno Comercial en Venta en Caleta de V&#xE9;lez","srcset":false},{"width":150,"height":150,"file":"wp-all-import\/nameimg-Terreno-Comercial-Terreno-en-venta-Caleta-de-VxE9lez-R3923404_ter-8-1.jpg","filesize":39272,"sizes":{"medium":{"file":"nameimg-Terreno-Comercial-Terreno-en-venta-Caleta-de-VxE9lez-R3923404_ter-8-1-300x169.jpg","width":300,"height":169,"mime-type":"image\/jpeg","filesize":15847,"url":"https:\/\/terrenosenventa.es\/wp-content\/uploads\/wp-all-import\/nameimg-Terreno-Comercial-Terreno-en-venta-Caleta-de-VxE9lez-R3923404_ter-8-1-300x169.jpg"},"thumbnail":{"file":"nameimg-Terreno-Comercial-Terreno-en-venta-Caleta-de-VxE9lez-R3923404_ter-8-1-150x150.jpg","width":150,"height":150,"mime-type":"image\/jpeg","filesize":7230,"url":"https:\/\/terrenosenventa.es\/wp-content\/uploads\/wp-all-import\/nameimg-Terreno-Comercial-Terreno-en-venta-Caleta-de-VxE9lez-R3923404_ter-8-1-150x150.jpg"},"trp-custom-language-flag":{"file":"nameimg-Terreno-Comercial-Terreno-en-venta-Caleta-de-VxE9lez-R3923404_ter-8-1-18x10.jpg","width":18,"height":10,"mime-type":"image\/jpeg","filesize":530,"url":"https:\/\/terrenosenventa.es\/wp-content\/uploads\/wp-all-import\/nameimg-Terreno-Comercial-Terreno-en-venta-Caleta-de-VxE9lez-R3923404_ter-8-1-18x10.jpg"},"post-thumbnail":{"file":"nameimg-Terreno-Comercial-Terreno-en-venta-Caleta-de-VxE9lez-R3923404_ter-8-1-150x84.jpg","width":150,"height":84,"mime-type":"image\/jpeg","filesize":5057,"url":"https:\/\/terrenosenventa.es\/wp-content\/uploads\/wp-all-import\/nameimg-Terreno-Comercial-Terreno-en-venta-Caleta-de-VxE9lez-R3923404_ter-8-1-150x84.jpg"},"property-detail-slider-thumb":{"file":"nameimg-Terreno-Comercial-Terreno-en-venta-Caleta-de-VxE9lez-R3923404_ter-8-1-82x60.jpg","width":82,"height":60,"mime-type":"image\/jpeg","filesize":2459,"url":"https:\/\/terrenosenventa.es\/wp-content\/uploads\/wp-all-import\/nameimg-Terreno-Comercial-Terreno-en-venta-Caleta-de-VxE9lez-R3923404_ter-8-1-82x60.jpg"}},"image_meta":{"aperture":"0","credit":"","camera":"","caption":"","created_timestamp":"0","copyright":"","focal_length":"0","iso":"0","shutter_speed":"0","title":"","orientation":"0","keywords":[]},"ID":"228126","name":"nameimg-Terreno-Comercial-Terreno-en-venta-Caleta-de-VxE9lez-R3923404_ter-8-1.jpg","path":"\/home\/alarmasg\/terrenosenventa.es\/wp-content\/uploads\/wp-all-import\/nameimg-Terreno-Comercial-Terreno-en-venta-Caleta-de-VxE9lez-R3923404_ter-8-1.jpg","url":"https:\/\/terrenosenventa.es\/wp-content\/uploads\/wp-all-import\/nameimg-Terreno-Comercial-Terreno-en-venta-Caleta-de-VxE9lez-R3923404_ter-8-1-150x150.jpg","full_url":"https:\/\/terrenosenventa.es\/wp-content\/uploads\/wp-all-import\/nameimg-Terreno-Comercial-Terreno-en-venta-Caleta-de-VxE9lez-R3923404_ter-8-1.jpg","title":"Terreno Comercial en Venta en Caleta de V&#xE9;lez","caption":"Terreno Comercial en Venta en Caleta de V&#xE9;lez","description":"","alt":"Terreno Comercial en Venta en Caleta de V&#xE9;lez","srcset":false},{"width":150,"height":150,"file":"wp-all-import\/nameimg-Terreno-Comercial-Terreno-en-venta-Caleta-de-VxE9lez-R3923404_ter-9-1.jpg","filesize":29543,"sizes":{"medium":{"file":"nameimg-Terreno-Comercial-Terreno-en-venta-Caleta-de-VxE9lez-R3923404_ter-9-1-300x169.jpg","width":300,"height":169,"mime-type":"image\/jpeg","filesize":11606,"url":"https:\/\/terrenosenventa.es\/wp-content\/uploads\/wp-all-import\/nameimg-Terreno-Comercial-Terreno-en-venta-Caleta-de-VxE9lez-R3923404_ter-9-1-300x169.jpg"},"thumbnail":{"file":"nameimg-Terreno-Comercial-Terreno-en-venta-Caleta-de-VxE9lez-R3923404_ter-9-1-150x150.jpg","width":150,"height":150,"mime-type":"image\/jpeg","filesize":5857,"url":"https:\/\/terrenosenventa.es\/wp-content\/uploads\/wp-all-import\/nameimg-Terreno-Comercial-Terreno-en-venta-Caleta-de-VxE9lez-R3923404_ter-9-1-150x150.jpg"},"trp-custom-language-flag":{"file":"nameimg-Terreno-Comercial-Terreno-en-venta-Caleta-de-VxE9lez-R3923404_ter-9-1-18x10.jpg","width":18,"height":10,"mime-type":"image\/jpeg","filesize":506,"url":"https:\/\/terrenosenventa.es\/wp-content\/uploads\/wp-all-import\/nameimg-Terreno-Comercial-Terreno-en-venta-Caleta-de-VxE9lez-R3923404_ter-9-1-18x10.jpg"},"post-thumbnail":{"file":"nameimg-Terreno-Comercial-Terreno-en-venta-Caleta-de-VxE9lez-R3923404_ter-9-1-150x84.jpg","width":150,"height":84,"mime-type":"image\/jpeg","filesize":3708,"url":"https:\/\/terrenosenventa.es\/wp-content\/uploads\/wp-all-import\/nameimg-Terreno-Comercial-Terreno-en-venta-Caleta-de-VxE9lez-R3923404_ter-9-1-150x84.jpg"},"property-detail-slider-thumb":{"file":"nameimg-Terreno-Comercial-Terreno-en-venta-Caleta-de-VxE9lez-R3923404_ter-9-1-82x60.jpg","width":82,"height":60,"mime-type":"image\/jpeg","filesize":1973,"url":"https:\/\/terrenosenventa.es\/wp-content\/uploads\/wp-all-import\/nameimg-Terreno-Comercial-Terreno-en-venta-Caleta-de-VxE9lez-R3923404_ter-9-1-82x60.jpg"}},"image_meta":{"aperture":"0","credit":"","camera":"","caption":"","created_timestamp":"0","copyright":"","focal_length":"0","iso":"0","shutter_speed":"0","title":"","orientation":"0","keywords":[]},"ID":"228127","name":"nameimg-Terreno-Comercial-Terreno-en-venta-Caleta-de-VxE9lez-R3923404_ter-9-1.jpg","path":"\/home\/alarmasg\/terrenosenventa.es\/wp-content\/uploads\/wp-all-import\/nameimg-Terreno-Comercial-Terreno-en-venta-Caleta-de-VxE9lez-R3923404_ter-9-1.jpg","url":"https:\/\/terrenosenventa.es\/wp-content\/uploads\/wp-all-import\/nameimg-Terreno-Comercial-Terreno-en-venta-Caleta-de-VxE9lez-R3923404_ter-9-1-150x150.jpg","full_url":"https:\/\/terrenosenventa.es\/wp-content\/uploads\/wp-all-import\/nameimg-Terreno-Comercial-Terreno-en-venta-Caleta-de-VxE9lez-R3923404_ter-9-1.jpg","title":"Terreno Comercial en Venta en Caleta de V&#xE9;lez","caption":"Terreno Comercial en Venta en Caleta de V&#xE9;lez","description":"","alt":"Terreno Comercial en Venta en Caleta de V&#xE9;lez","srcset":false},{"width":150,"height":150,"file":"wp-all-import\/nameimg-Terreno-Comercial-Terreno-en-venta-Caleta-de-VxE9lez-R3923404_ter-10-1.jpg","filesize":30695,"sizes":{"medium":{"file":"nameimg-Terreno-Comercial-Terreno-en-venta-Caleta-de-VxE9lez-R3923404_ter-10-1-300x169.jpg","width":300,"height":169,"mime-type":"image\/jpeg","filesize":11879,"url":"https:\/\/terrenosenventa.es\/wp-content\/uploads\/wp-all-import\/nameimg-Terreno-Comercial-Terreno-en-venta-Caleta-de-VxE9lez-R3923404_ter-10-1-300x169.jpg"},"thumbnail":{"file":"nameimg-Terreno-Comercial-Terreno-en-venta-Caleta-de-VxE9lez-R3923404_ter-10-1-150x150.jpg","width":150,"height":150,"mime-type":"image\/jpeg","filesize":6121,"url":"https:\/\/terrenosenventa.es\/wp-content\/uploads\/wp-all-import\/nameimg-Terreno-Comercial-Terreno-en-venta-Caleta-de-VxE9lez-R3923404_ter-10-1-150x150.jpg"},"trp-custom-language-flag":{"file":"nameimg-Terreno-Comercial-Terreno-en-venta-Caleta-de-VxE9lez-R3923404_ter-10-1-18x10.jpg","width":18,"height":10,"mime-type":"image\/jpeg","filesize":481,"url":"https:\/\/terrenosenventa.es\/wp-content\/uploads\/wp-all-import\/nameimg-Terreno-Comercial-Terreno-en-venta-Caleta-de-VxE9lez-R3923404_ter-10-1-18x10.jpg"},"post-thumbnail":{"file":"nameimg-Terreno-Comercial-Terreno-en-venta-Caleta-de-VxE9lez-R3923404_ter-10-1-150x84.jpg","width":150,"height":84,"mime-type":"image\/jpeg","filesize":3607,"url":"https:\/\/terrenosenventa.es\/wp-content\/uploads\/wp-all-import\/nameimg-Terreno-Comercial-Terreno-en-venta-Caleta-de-VxE9lez-R3923404_ter-10-1-150x84.jpg"},"property-detail-slider-thumb":{"file":"nameimg-Terreno-Comercial-Terreno-en-venta-Caleta-de-VxE9lez-R3923404_ter-10-1-82x60.jpg","width":82,"height":60,"mime-type":"image\/jpeg","filesize":1856,"url":"https:\/\/terrenosenventa.es\/wp-content\/uploads\/wp-all-import\/nameimg-Terreno-Comercial-Terreno-en-venta-Caleta-de-VxE9lez-R3923404_ter-10-1-82x60.jpg"}},"image_meta":{"aperture":"0","credit":"","camera":"","caption":"","created_timestamp":"0","copyright":"","focal_length":"0","iso":"0","shutter_speed":"0","title":"","orientation":"0","keywords":[]},"ID":"228128","name":"nameimg-Terreno-Comercial-Terreno-en-venta-Caleta-de-VxE9lez-R3923404_ter-10-1.jpg","path":"\/home\/alarmasg\/terrenosenventa.es\/wp-content\/uploads\/wp-all-import\/nameimg-Terreno-Comercial-Terreno-en-venta-Caleta-de-VxE9lez-R3923404_ter-10-1.jpg","url":"https:\/\/terrenosenventa.es\/wp-content\/uploads\/wp-all-import\/nameimg-Terreno-Comercial-Terreno-en-venta-Caleta-de-VxE9lez-R3923404_ter-10-1-150x150.jpg","full_url":"https:\/\/terrenosenventa.es\/wp-content\/uploads\/wp-all-import\/nameimg-Terreno-Comercial-Terreno-en-venta-Caleta-de-VxE9lez-R3923404_ter-10-1.jpg","title":"Terreno Comercial en Venta en Caleta de V&#xE9;lez","caption":"Terreno Comercial en Venta en Caleta de V&#xE9;lez","description":"","alt":"Terreno Comercial en Venta en Caleta de V&#xE9;lez","srcset":false},{"width":150,"height":150,"file":"wp-all-import\/nameimg-Terreno-Comercial-Terreno-en-venta-Caleta-de-VxE9lez-R3923404_ter-11-1.jpg","filesize":53088,"sizes":{"medium":{"file":"nameimg-Terreno-Comercial-Terreno-en-venta-Caleta-de-VxE9lez-R3923404_ter-11-1-300x169.jpg","width":300,"height":169,"mime-type":"image\/jpeg","filesize":20643,"url":"https:\/\/terrenosenventa.es\/wp-content\/uploads\/wp-all-import\/nameimg-Terreno-Comercial-Terreno-en-venta-Caleta-de-VxE9lez-R3923404_ter-11-1-300x169.jpg"},"thumbnail":{"file":"nameimg-Terreno-Comercial-Terreno-en-venta-Caleta-de-VxE9lez-R3923404_ter-11-1-150x150.jpg","width":150,"height":150,"mime-type":"image\/jpeg","filesize":9677,"url":"https:\/\/terrenosenventa.es\/wp-content\/uploads\/wp-all-import\/nameimg-Terreno-Comercial-Terreno-en-venta-Caleta-de-VxE9lez-R3923404_ter-11-1-150x150.jpg"},"trp-custom-language-flag":{"file":"nameimg-Terreno-Comercial-Terreno-en-venta-Caleta-de-VxE9lez-R3923404_ter-11-1-18x10.jpg","width":18,"height":10,"mime-type":"image\/jpeg","filesize":510,"url":"https:\/\/terrenosenventa.es\/wp-content\/uploads\/wp-all-import\/nameimg-Terreno-Comercial-Terreno-en-venta-Caleta-de-VxE9lez-R3923404_ter-11-1-18x10.jpg"},"post-thumbnail":{"file":"nameimg-Terreno-Comercial-Terreno-en-venta-Caleta-de-VxE9lez-R3923404_ter-11-1-150x84.jpg","width":150,"height":84,"mime-type":"image\/jpeg","filesize":5894,"url":"https:\/\/terrenosenventa.es\/wp-content\/uploads\/wp-all-import\/nameimg-Terreno-Comercial-Terreno-en-venta-Caleta-de-VxE9lez-R3923404_ter-11-1-150x84.jpg"},"property-detail-slider-thumb":{"file":"nameimg-Terreno-Comercial-Terreno-en-venta-Caleta-de-VxE9lez-R3923404_ter-11-1-82x60.jpg","width":82,"height":60,"mime-type":"image\/jpeg","filesize":2774,"url":"https:\/\/terrenosenventa.es\/wp-content\/uploads\/wp-all-import\/nameimg-Terreno-Comercial-Terreno-en-venta-Caleta-de-VxE9lez-R3923404_ter-11-1-82x60.jpg"}},"image_meta":{"aperture":"0","credit":"","camera":"","caption":"","created_timestamp":"0","copyright":"","focal_length":"0","iso":"0","shutter_speed":"0","title":"","orientation":"0","keywords":[]},"ID":"228129","name":"nameimg-Terreno-Comercial-Terreno-en-venta-Caleta-de-VxE9lez-R3923404_ter-11-1.jpg","path":"\/home\/alarmasg\/terrenosenventa.es\/wp-content\/uploads\/wp-all-import\/nameimg-Terreno-Comercial-Terreno-en-venta-Caleta-de-VxE9lez-R3923404_ter-11-1.jpg","url":"https:\/\/terrenosenventa.es\/wp-content\/uploads\/wp-all-import\/nameimg-Terreno-Comercial-Terreno-en-venta-Caleta-de-VxE9lez-R3923404_ter-11-1-150x150.jpg","full_url":"https:\/\/terrenosenventa.es\/wp-content\/uploads\/wp-all-import\/nameimg-Terreno-Comercial-Terreno-en-venta-Caleta-de-VxE9lez-R3923404_ter-11-1.jpg","title":"Terreno Comercial en Venta en Caleta de V&#xE9;lez","caption":"Terreno Comercial en Venta en Caleta de V&#xE9;lez","description":"","alt":"Terreno Comercial en Venta en Caleta de V&#xE9;lez","srcset":false}],"REAL_HOMES_change_gallery_slider_type":"","REAL_HOMES_gallery_slider_type":"thumb-on-right","inspiry_floor_plans":[],"inspiry_video_group":[],"REAL_HOMES_360_virtual_tour":"","REAL_HOMES_tour_video_url":"","REAL_HOMES_tour_video_image":[],"REAL_HOMES_agent_display_option":"agent_info","REAL_HOMES_agents":["170478"],"REAL_HOMES_energy_class":"","REAL_HOMES_energy_performance":"","REAL_HOMES_epc_current_rating":"","REAL_HOMES_epc_potential_rating":"","REAL_HOMES_sticky":"","inspiry_property_label":"","inspiry_property_label_color":"","inspiry_property_tax":"","inspiry_additional_fee":"","REAL_HOMES_attachments":[],"inspiry_property_owner_name":"","inspiry_property_owner_contact":"","inspiry_property_owner_address":"","REAL_HOMES_property_private_note":"Tipo Terreno Comercial en la zona de Caleta de V&#xE9;lez \u00e1rea Costa del Sol East de la provincia de M&#xE1;laga","inspiry_message_to_reviewer":"","REAL_HOMES_add_in_slider":"no","REAL_HOMES_slider_image":[],"REAL_HOMES_page_banner_image":[],"REAL_HOMES_custom_header_display":"","REAL_HOMES_custom_header_position":"","REAL_HOMES_custom_footer_display":""},"_links":{"self":[{"href":"https:\/\/terrenosenventa.es\/en\/wp-json\/wp\/v2\/terrenos\/212696"}],"collection":[{"href":"https:\/\/terrenosenventa.es\/en\/wp-json\/wp\/v2\/terrenos"}],"about":[{"href":"https:\/\/terrenosenventa.es\/en\/wp-json\/wp\/v2\/types\/property"}],"replies":[{"embeddable":true,"href":"https:\/\/terrenosenventa.es\/en\/wp-json\/wp\/v2\/comments?post=212696"}],"version-history":[{"count":0,"href":"https:\/\/terrenosenventa.es\/en\/wp-json\/wp\/v2\/terrenos\/212696\/revisions"}],"wp:featuredmedia":[{"embeddable":true,"href":"https:\/\/terrenosenventa.es\/en\/wp-json\/wp\/v2\/media\/228118"}],"wp:attachment":[{"href":"https:\/\/terrenosenventa.es\/en\/wp-json\/wp\/v2\/media?parent=212696"}],"wp:term":[{"taxonomy":"property-feature","embeddable":true,"href":"https:\/\/terrenosenventa.es\/en\/wp-json\/wp\/v2\/tipo-terrenos?post=212696"},{"taxonomy":"property-type","embeddable":true,"href":"https:\/\/terrenosenventa.es\/en\/wp-json\/wp\/v2\/tipo-terreno?post=212696"},{"taxonomy":"property-city","embeddable":true,"href":"https:\/\/terrenosenventa.es\/en\/wp-json\/wp\/v2\/terrenos-en?post=212696"},{"taxonomy":"property-status","embeddable":true,"href":"https:\/\/terrenosenventa.es\/en\/wp-json\/wp\/v2\/zona-terrenos?post=212696"}],"curies":[{"name":"wp","href":"https:\/\/api.w.org\/{rel}","templated":true}]}}