{"id":212633,"date":"2023-10-27T00:20:28","date_gmt":"2023-10-27T00:20:28","guid":{"rendered":"https:\/\/terrenosenventa.es\/terrenos\/terreno-comercial-en-venta-en-caleta-de-vlez-r4297894\/"},"modified":"2023-11-11T01:24:57","modified_gmt":"2023-11-11T01:24:57","slug":"terreno-comercial-en-venta-en-caleta-de-vlez-r4297894","status":"publish","type":"property","link":"https:\/\/terrenosenventa.es\/en\/terrenos\/commercial-land-for-sale-in-caleta-de-vlez-r4297894\/","title":{"rendered":"Commercial land for sale in Caleta de V\u00e9lez - R4297894"},"content":{"rendered":"<h2>Commercial land for sale in <span class=\"no_translate\">Caleta de V\u00e9lez<\/span><\/h2>\n<p>Discover <b>Commercial land for sale in Caleta de V\u00e9lez<\/b>below is a brief description of this property:<\/p>\n<div class=\"description-1\">GROUND BAVIERA GOLF - BEACH<br \/>\n.<br \/>\nSituated 500m. from Caleta de Velez, famous for its marina and magnificent beaches, among the best on the Costa del Sol and 20 minutes from Malaga.<br \/>\n<br \/>\nBuildable area: 21,632 m\u00b2 on a plot of 16,295 m\u00b2.<br \/>\nIn an upmarket area, next to the Bavaria Golf Course and 900 homes (mostly detached houses with private garden).<br \/>\nSituated 500m. from Caleta de Velez, famous for its marina and magnificent beaches, among the best on the Costa del Sol and 20 minutes from Malaga.<br \/>\nIts cadastral value is 8.849.932 \u20ac.<br \/>\nIt has a Certificado Tasaci\u00f3n Hipotecarias S.A.U. 8.636.737\u20ac (valuation in force and valid for mortgage purposes).<br \/>\n.<br \/>\n.<br \/>\nHotel use such as HOTEL (e.g. 4 star hotel with 370 rooms), Motels, Aparthotels etc. In addition, there is confirmation from the Town Council to allocate up to 49% of the land for any of the following uses:<br \/>\nUse of Community Accommodation: RESIDENCIA ANCIANOS, Residencia de estudiantes.<br \/>\nUse of Offices and Offices, such as Gestor\u00edas, Real Estate agencies, Banks...<br \/>\nCommercial use such as Markets, Supermarkets, Shops, etc.<br \/>\nUse of Medical Services, such as Hospitals, Clinics, Outpatient clinics, etc.<br \/>\nHospitality use, such as Cafeteria, Bars, Restaurants, Discotheques, Casinos, etc.<br \/>\nIndustrial use: Transformation of raw or semi-finished materials.<br \/>\nEducational use, such as schools, kindergartens, universities, etc.<br \/>\nRecreational and Cultural Use such as Shows, Cinemas, Libraries, Museums etc.<br \/>\nThat is, it is possible to build e.g.: 1 Hotel + 1 Nursing Home<br \/>\nIt is possible to obtain a building permit by paying the amount of the guarantee for the simultaneous urbanisation and building works (which is deducted from its PVP).<br \/>\n<br \/>\nCommercial Land, Caleta de Velez, Costa del Sol East.<br \/>\nGarden\/Land 16295 m\u00b2.<br \/>\n<br \/>\nPosition : Front line golf.<br \/>\nOrientation : South, Southwest.<br \/>\nCondition : Excellent.<br \/>\nViews : Sea, Mountain, Golf.<br \/>\nCategory : Bargain.<\/div>\n<p>If you need more information <a id=\"lenvente\" class=\"contacte\" href=\"..\/..\/contacto\/\">contact<\/a> with us and we will answer your questions.<\/p>\n<pre class=\"tipo-1\">Type: Commercial Plot - Ref: - Spain \/ M\u00e1laga \/ Costa del Sol East \/ Caleta de V\u00e9lez<\/pre>\n<div class=\"imggooglemap-1\"><a class=\"imggooglemap\" href=\"https:\/\/www.google.com\/maps\/search\/Caleta de V&#xE9;lez,M&#xE1;laga,Costa del Sol East,Spain\/\" target=\"_blank\" rel=\"noopener\"><img decoding=\"async\" src=\"https:\/\/www.terrenosenventa.es\/img\/googlemap.gif\" alt=\"Commercial land for sale in Caleta de V\u00e9lez\" \/><\/a><\/div>","protected":false},"excerpt":{"rendered":"<p>GROUND BAVIERA GOLF - BEACH<br \/>\n.<br \/>\nSituated 500m. from Caleta de Velez, famous for its marina and magnificent beaches, among the best on the Costa del Sol and 20 minutes from Malaga.<br \/>\n<br \/>\nBuildable area: 21,632 m\u00b2 on a plot of 16,295 m\u00b2.<br \/>\nIn an upmarket area, next to the Bavaria Golf Course and 900 homes (mostly detached houses with private garden).<br \/>\nSituated 500m. from Caleta de Velez, famous for its marina and magnificent beaches, among the best on the Costa del Sol and 20 minutes from Malaga.<br \/>\nIts cadastral value is 8.849.932 \u20ac.<br \/>\nIt has a Certificado Tasaci\u00f3n Hipotecarias S.A.U. 8.636.737\u20ac (valuation in force and valid for mortgage purposes).<br \/>\n.<br \/>\n.<br \/>\nHotel use such as HOTEL (e.g. 4 star hotel with 370 rooms), Motels, Aparthotels etc. In addition, there is confirmation from the Town Council to allocate up to 49% of the land for any of the following uses:<br \/>\nUse of Community Accommodation: RESIDENCIA ANCIANOS, Residencia de estudiantes.<br \/>\nUse of Offices and Offices, such as Gestor\u00edas, Real Estate agencies, Banks...<br \/>\nCommercial use such as Markets, Supermarkets, Shops, etc.<br \/>\nUse of Medical Services, such as Hospitals, Clinics, Outpatient clinics, etc.<br \/>\nHospitality use, such as Cafeteria, Bars, Restaurants, Discotheques, Casinos, etc.<br \/>\nIndustrial use: Transformation of raw or semi-finished materials.<br \/>\nEducational use, such as schools, kindergartens, universities, etc.<br \/>\nRecreational and Cultural Use such as Shows, Cinemas, Libraries, Museums etc.<br \/>\nThat is, it is possible to build e.g.: 1 Hotel + 1 Nursing Home<br \/>\nIt is possible to obtain a building permit by paying the amount of the guarantee for the simultaneous urbanisation and building works (which is deducted from its PVP).<br \/>\n<br \/>\nCommercial Land, Caleta de Velez, Costa del Sol East.<br \/>\nGarden\/Land 16295 m\u00b2.<br \/>\n<br \/>\nPosition : Front line golf.<br \/>\nOrientation : South, Southwest.<br \/>\nCondition : Excellent.<br \/>\nViews : Sea, Mountain, Golf.<br \/>\nCategory : Bargain.<\/p>","protected":false},"author":0,"featured_media":220128,"parent":0,"menu_order":0,"comment_status":"closed","ping_status":"open","template":"","tipo-terrenos":[],"tipo-terreno":[92],"terrenos-en":[350],"zona-terrenos":[55],"acf":[],"yoast_head":"<!-- This site is optimized with the Yoast SEO plugin v22.3 - https:\/\/yoast.com\/wordpress\/plugins\/seo\/ -->\n<title>Terreno Comercial en Venta en Caleta de V&#xE9;lez - R4297894 - R4297894 - Terrenos en venta 2026<\/title>\n<meta name=\"description\" content=\"Propiedad en venta en Caleta de V&#xE9;lez. SUELO BAVIERA GOLF - PLAYA &#xD; .&#xD; Situado a 500m. de Caleta de V&#xE9;lez, famosa por su ... - R4297894\" \/>\n<meta name=\"robots\" content=\"index, follow, max-snippet:-1, max-image-preview:large, max-video-preview:-1\" \/>\n<link rel=\"canonical\" href=\"https:\/\/terrenosenventa.es\/en\/terrenos\/commercial-land-for-sale-in-caleta-de-vlez-r4297894\/\" \/>\n<meta property=\"og:locale\" content=\"en_GB\" \/>\n<meta property=\"og:type\" content=\"article\" \/>\n<meta property=\"og:title\" content=\"Terreno Comercial en venta en Caleta de V&#xE9;lez - R4297894 - R4297894\" \/>\n<meta property=\"og:description\" content=\"Propiedad en venta en Caleta de V&#xE9;lez. SUELO BAVIERA GOLF - PLAYA &#xD; .&#xD; Situado a 500m. de Caleta de V&#xE9;lez, famosa por su ... - R4297894 - R4297894\" \/>\n<meta property=\"og:url\" content=\"https:\/\/terrenosenventa.es\/en\/terrenos\/commercial-land-for-sale-in-caleta-de-vlez-r4297894\/\" \/>\n<meta property=\"og:site_name\" content=\"Terrenos en venta\" \/>\n<meta property=\"article:modified_time\" content=\"2023-11-11T01:24:57+00:00\" \/>\n<meta property=\"og:image\" content=\"https:\/\/terrenosenventa.es\/wp-content\/uploads\/2023\/10\/1-8feb9a13440344d11ba504bcb1dd499c.jpg\" \/>\n<meta name=\"twitter:card\" content=\"summary_large_image\" \/>\n<meta name=\"twitter:title\" content=\"Terreno Comercial en venta en Caleta de V&#xE9;lez - R4297894 - R4297894 - R4297894\" \/>\n<meta name=\"twitter:description\" content=\"Propiedad en venta en Caleta de V&#xE9;lez. SUELO BAVIERA GOLF - PLAYA &#xD; .&#xD; Situado a 500m. de Caleta de V&#xE9;lez, famosa por su ... - R4297894\" \/>\n<meta name=\"twitter:image\" content=\"https:\/\/terrenosenventa.es\/wp-content\/uploads\/2023\/10\/1-8feb9a13440344d11ba504bcb1dd499c.jpg\" \/>\n<meta name=\"twitter:label1\" content=\"Estimated reading time\" \/>\n\t<meta name=\"twitter:data1\" content=\"2 minutes\" \/>\n<script type=\"application\/ld+json\" class=\"yoast-schema-graph\">{\"@context\":\"https:\/\/schema.org\",\"@graph\":[{\"@type\":\"WebPage\",\"@id\":\"https:\/\/terrenosenventa.es\/terrenos\/terreno-comercial-en-venta-en-caleta-de-vlez-r4297894\/\",\"url\":\"https:\/\/terrenosenventa.es\/terrenos\/terreno-comercial-en-venta-en-caleta-de-vlez-r4297894\/\",\"name\":\"Terreno Comercial en Venta en Caleta de V&#xE9;lez - R4297894 - R4297894 - Terrenos en venta 2026\",\"isPartOf\":{\"@id\":\"https:\/\/terrenosenventa.es\/#website\"},\"primaryImageOfPage\":{\"@id\":\"https:\/\/terrenosenventa.es\/terrenos\/terreno-comercial-en-venta-en-caleta-de-vlez-r4297894\/#primaryimage\"},\"image\":{\"@id\":\"https:\/\/terrenosenventa.es\/terrenos\/terreno-comercial-en-venta-en-caleta-de-vlez-r4297894\/#primaryimage\"},\"thumbnailUrl\":\"https:\/\/terrenosenventa.es\/wp-content\/uploads\/wp-all-import\/nameimg-Terreno-Comercial-Terreno-en-venta-Caleta-de-VxE9lez-R4297894_ter.jpg\",\"datePublished\":\"2023-10-27T00:20:28+00:00\",\"dateModified\":\"2023-11-11T01:24:57+00:00\",\"description\":\"Propiedad en venta en Caleta de V&#xE9;lez. SUELO BAVIERA GOLF - PLAYA &#xD; .&#xD; Situado a 500m. de Caleta de V&#xE9;lez, famosa por su ... - R4297894\",\"breadcrumb\":{\"@id\":\"https:\/\/terrenosenventa.es\/terrenos\/terreno-comercial-en-venta-en-caleta-de-vlez-r4297894\/#breadcrumb\"},\"inLanguage\":\"en-GB\",\"potentialAction\":[{\"@type\":\"ReadAction\",\"target\":[\"https:\/\/terrenosenventa.es\/terrenos\/terreno-comercial-en-venta-en-caleta-de-vlez-r4297894\/\"]}]},{\"@type\":\"ImageObject\",\"inLanguage\":\"en-GB\",\"@id\":\"https:\/\/terrenosenventa.es\/terrenos\/terreno-comercial-en-venta-en-caleta-de-vlez-r4297894\/#primaryimage\",\"url\":\"https:\/\/terrenosenventa.es\/wp-content\/uploads\/wp-all-import\/nameimg-Terreno-Comercial-Terreno-en-venta-Caleta-de-VxE9lez-R4297894_ter.jpg\",\"contentUrl\":\"https:\/\/terrenosenventa.es\/wp-content\/uploads\/wp-all-import\/nameimg-Terreno-Comercial-Terreno-en-venta-Caleta-de-VxE9lez-R4297894_ter.jpg\",\"width\":400,\"height\":225,\"caption\":\"Terreno Comercial en Venta en Caleta de V&#xE9;lez\"},{\"@type\":\"BreadcrumbList\",\"@id\":\"https:\/\/terrenosenventa.es\/terrenos\/terreno-comercial-en-venta-en-caleta-de-vlez-r4297894\/#breadcrumb\",\"itemListElement\":[{\"@type\":\"ListItem\",\"position\":1,\"name\":\"Portada\",\"item\":\"https:\/\/terrenosenventa.es\/\"},{\"@type\":\"ListItem\",\"position\":2,\"name\":\"Propiedades\",\"item\":\"https:\/\/terrenosenventa.es\/terrenos\/\"},{\"@type\":\"ListItem\",\"position\":3,\"name\":\"Terreno Comercial en venta en Caleta de V&#xE9;lez &#8211; R4297894\"}]},{\"@type\":\"WebSite\",\"@id\":\"https:\/\/terrenosenventa.es\/#website\",\"url\":\"https:\/\/terrenosenventa.es\/\",\"name\":\"Terrenos en venta\",\"description\":\"Terrenos en venta en M\u00e1laga y C\u00e1diz, y m\u00e1s\",\"publisher\":{\"@id\":\"https:\/\/terrenosenventa.es\/#organization\"},\"potentialAction\":[{\"@type\":\"SearchAction\",\"target\":{\"@type\":\"EntryPoint\",\"urlTemplate\":\"https:\/\/terrenosenventa.es\/?s={search_term_string}\"},\"query-input\":\"required name=search_term_string\"}],\"inLanguage\":\"en-GB\"},{\"@type\":\"Organization\",\"@id\":\"https:\/\/terrenosenventa.es\/#organization\",\"name\":\"Terrenos en Venta\",\"url\":\"https:\/\/terrenosenventa.es\/\",\"logo\":{\"@type\":\"ImageObject\",\"inLanguage\":\"en-GB\",\"@id\":\"https:\/\/terrenosenventa.es\/#\/schema\/logo\/image\/\",\"url\":\"https:\/\/terrenosenventa.es\/wp-content\/uploads\/2020\/11\/LOGO-TER-300.png\",\"contentUrl\":\"https:\/\/terrenosenventa.es\/wp-content\/uploads\/2020\/11\/LOGO-TER-300.png\",\"width\":300,\"height\":112,\"caption\":\"Terrenos en Venta\"},\"image\":{\"@id\":\"https:\/\/terrenosenventa.es\/#\/schema\/logo\/image\/\"}}]}<\/script>\n<!-- \/ Yoast SEO plugin. -->","yoast_head_json":{"title":"Terreno Comercial en Venta en Caleta de V&#xE9;lez - R4297894 - R4297894 - Terrenos en venta 2026","description":"Propiedad en venta en Caleta de V&#xE9;lez. SUELO BAVIERA GOLF - PLAYA &#xD; .&#xD; Situado a 500m. de Caleta de V&#xE9;lez, famosa por su ... - R4297894","robots":{"index":"index","follow":"follow","max-snippet":"max-snippet:-1","max-image-preview":"max-image-preview:large","max-video-preview":"max-video-preview:-1"},"canonical":"https:\/\/terrenosenventa.es\/en\/terrenos\/commercial-land-for-sale-in-caleta-de-vlez-r4297894\/","og_locale":"en_GB","og_type":"article","og_title":"Terreno Comercial en venta en Caleta de V&#xE9;lez - R4297894 - R4297894","og_description":"Propiedad en venta en Caleta de V&#xE9;lez. SUELO BAVIERA GOLF - PLAYA &#xD; .&#xD; Situado a 500m. de Caleta de V&#xE9;lez, famosa por su ... - R4297894 - R4297894","og_url":"https:\/\/terrenosenventa.es\/en\/terrenos\/commercial-land-for-sale-in-caleta-de-vlez-r4297894\/","og_site_name":"Terrenos en venta","article_modified_time":"2023-11-11T01:24:57+00:00","og_image":[{"url":"https:\/\/terrenosenventa.es\/wp-content\/uploads\/2023\/10\/1-8feb9a13440344d11ba504bcb1dd499c.jpg"}],"twitter_card":"summary_large_image","twitter_title":"Terreno Comercial en venta en Caleta de V&#xE9;lez - R4297894 - R4297894 - R4297894","twitter_description":"Propiedad en venta en Caleta de V&#xE9;lez. SUELO BAVIERA GOLF - PLAYA &#xD; .&#xD; Situado a 500m. de Caleta de V&#xE9;lez, famosa por su ... - R4297894","twitter_image":"https:\/\/terrenosenventa.es\/wp-content\/uploads\/2023\/10\/1-8feb9a13440344d11ba504bcb1dd499c.jpg","twitter_misc":{"Estimated reading time":"2 minutes"},"schema":{"@context":"https:\/\/schema.org","@graph":[{"@type":"WebPage","@id":"https:\/\/terrenosenventa.es\/terrenos\/terreno-comercial-en-venta-en-caleta-de-vlez-r4297894\/","url":"https:\/\/terrenosenventa.es\/terrenos\/terreno-comercial-en-venta-en-caleta-de-vlez-r4297894\/","name":"Terreno Comercial en Venta en Caleta de V&#xE9;lez - R4297894 - R4297894 - Terrenos en venta 2026","isPartOf":{"@id":"https:\/\/terrenosenventa.es\/#website"},"primaryImageOfPage":{"@id":"https:\/\/terrenosenventa.es\/terrenos\/terreno-comercial-en-venta-en-caleta-de-vlez-r4297894\/#primaryimage"},"image":{"@id":"https:\/\/terrenosenventa.es\/terrenos\/terreno-comercial-en-venta-en-caleta-de-vlez-r4297894\/#primaryimage"},"thumbnailUrl":"https:\/\/terrenosenventa.es\/wp-content\/uploads\/wp-all-import\/nameimg-Terreno-Comercial-Terreno-en-venta-Caleta-de-VxE9lez-R4297894_ter.jpg","datePublished":"2023-10-27T00:20:28+00:00","dateModified":"2023-11-11T01:24:57+00:00","description":"Propiedad en venta en Caleta de V&#xE9;lez. SUELO BAVIERA GOLF - PLAYA &#xD; .&#xD; Situado a 500m. de Caleta de V&#xE9;lez, famosa por su ... - R4297894","breadcrumb":{"@id":"https:\/\/terrenosenventa.es\/terrenos\/terreno-comercial-en-venta-en-caleta-de-vlez-r4297894\/#breadcrumb"},"inLanguage":"en-GB","potentialAction":[{"@type":"ReadAction","target":["https:\/\/terrenosenventa.es\/terrenos\/terreno-comercial-en-venta-en-caleta-de-vlez-r4297894\/"]}]},{"@type":"ImageObject","inLanguage":"en-GB","@id":"https:\/\/terrenosenventa.es\/terrenos\/terreno-comercial-en-venta-en-caleta-de-vlez-r4297894\/#primaryimage","url":"https:\/\/terrenosenventa.es\/wp-content\/uploads\/wp-all-import\/nameimg-Terreno-Comercial-Terreno-en-venta-Caleta-de-VxE9lez-R4297894_ter.jpg","contentUrl":"https:\/\/terrenosenventa.es\/wp-content\/uploads\/wp-all-import\/nameimg-Terreno-Comercial-Terreno-en-venta-Caleta-de-VxE9lez-R4297894_ter.jpg","width":400,"height":225,"caption":"Terreno Comercial en Venta en Caleta de V&#xE9;lez"},{"@type":"BreadcrumbList","@id":"https:\/\/terrenosenventa.es\/terrenos\/terreno-comercial-en-venta-en-caleta-de-vlez-r4297894\/#breadcrumb","itemListElement":[{"@type":"ListItem","position":1,"name":"Portada","item":"https:\/\/terrenosenventa.es\/"},{"@type":"ListItem","position":2,"name":"Propiedades","item":"https:\/\/terrenosenventa.es\/terrenos\/"},{"@type":"ListItem","position":3,"name":"Terreno Comercial en venta en Caleta de V&#xE9;lez &#8211; R4297894"}]},{"@type":"WebSite","@id":"https:\/\/terrenosenventa.es\/#website","url":"https:\/\/terrenosenventa.es\/","name":"Terrenos en venta","description":"Terrenos en venta en M\u00e1laga y C\u00e1diz, y m\u00e1s","publisher":{"@id":"https:\/\/terrenosenventa.es\/#organization"},"potentialAction":[{"@type":"SearchAction","target":{"@type":"EntryPoint","urlTemplate":"https:\/\/terrenosenventa.es\/?s={search_term_string}"},"query-input":"required name=search_term_string"}],"inLanguage":"en-GB"},{"@type":"Organization","@id":"https:\/\/terrenosenventa.es\/#organization","name":"Terrenos en Venta","url":"https:\/\/terrenosenventa.es\/","logo":{"@type":"ImageObject","inLanguage":"en-GB","@id":"https:\/\/terrenosenventa.es\/#\/schema\/logo\/image\/","url":"https:\/\/terrenosenventa.es\/wp-content\/uploads\/2020\/11\/LOGO-TER-300.png","contentUrl":"https:\/\/terrenosenventa.es\/wp-content\/uploads\/2020\/11\/LOGO-TER-300.png","width":300,"height":112,"caption":"Terrenos en Venta"},"image":{"@id":"https:\/\/terrenosenventa.es\/#\/schema\/logo\/image\/"}}]}},"property_meta":{"REAL_HOMES_property_price":"3700000","REAL_HOMES_property_old_price":"","REAL_HOMES_property_price_prefix":"","REAL_HOMES_property_price_postfix":"","REAL_HOMES_property_size":"16295","REAL_HOMES_property_size_postfix":"m\u00b2","REAL_HOMES_property_lot_size":"","REAL_HOMES_property_lot_size_postfix":"","REAL_HOMES_property_bedrooms":"0","REAL_HOMES_property_bathrooms":"0","REAL_HOMES_property_garage":"0","REAL_HOMES_property_id":"R4297894","REAL_HOMES_property_year_built":"","REAL_HOMES_featured":"0","REAL_HOMES_additional_details_list":[["Detalles del tipo de terreno y su zona","Tipo Terreno Comercial en la zona de Caleta de V&#xE9;lez \u00e1rea Costa del Sol East de la provincia de M&#xE1;laga"]],"REAL_HOMES_property_location":{"latitude":"","longitude":"","zoom":""},"REAL_HOMES_property_address":"","REAL_HOMES_property_map":"1","REAL_HOMES_property_images":[{"width":150,"height":150,"file":"wp-all-import\/nameimg-Terreno-Comercial-Terreno-en-venta-Caleta-de-VxE9lez-R4297894_ter.jpg","filesize":24516,"sizes":{"medium":{"file":"nameimg-Terreno-Comercial-Terreno-en-venta-Caleta-de-VxE9lez-R4297894_ter-300x169.jpg","width":300,"height":169,"mime-type":"image\/jpeg","filesize":9737,"url":"https:\/\/terrenosenventa.es\/wp-content\/uploads\/wp-all-import\/nameimg-Terreno-Comercial-Terreno-en-venta-Caleta-de-VxE9lez-R4297894_ter-300x169.jpg"},"thumbnail":{"file":"nameimg-Terreno-Comercial-Terreno-en-venta-Caleta-de-VxE9lez-R4297894_ter-150x150.jpg","width":150,"height":150,"mime-type":"image\/jpeg","filesize":5384,"url":"https:\/\/terrenosenventa.es\/wp-content\/uploads\/wp-all-import\/nameimg-Terreno-Comercial-Terreno-en-venta-Caleta-de-VxE9lez-R4297894_ter-150x150.jpg"},"trp-custom-language-flag":{"file":"nameimg-Terreno-Comercial-Terreno-en-venta-Caleta-de-VxE9lez-R4297894_ter-18x10.jpg","width":18,"height":10,"mime-type":"image\/jpeg","filesize":483,"url":"https:\/\/terrenosenventa.es\/wp-content\/uploads\/wp-all-import\/nameimg-Terreno-Comercial-Terreno-en-venta-Caleta-de-VxE9lez-R4297894_ter-18x10.jpg"},"post-thumbnail":{"file":"nameimg-Terreno-Comercial-Terreno-en-venta-Caleta-de-VxE9lez-R4297894_ter-150x84.jpg","width":150,"height":84,"mime-type":"image\/jpeg","filesize":3209,"url":"https:\/\/terrenosenventa.es\/wp-content\/uploads\/wp-all-import\/nameimg-Terreno-Comercial-Terreno-en-venta-Caleta-de-VxE9lez-R4297894_ter-150x84.jpg"},"property-detail-slider-thumb":{"file":"nameimg-Terreno-Comercial-Terreno-en-venta-Caleta-de-VxE9lez-R4297894_ter-82x60.jpg","width":82,"height":60,"mime-type":"image\/jpeg","filesize":1745,"url":"https:\/\/terrenosenventa.es\/wp-content\/uploads\/wp-all-import\/nameimg-Terreno-Comercial-Terreno-en-venta-Caleta-de-VxE9lez-R4297894_ter-82x60.jpg"}},"image_meta":{"aperture":"0","credit":"","camera":"","caption":"","created_timestamp":"0","copyright":"","focal_length":"0","iso":"0","shutter_speed":"0","title":"","orientation":"0","keywords":[]},"ID":"220128","name":"nameimg-Terreno-Comercial-Terreno-en-venta-Caleta-de-VxE9lez-R4297894_ter.jpg","path":"\/home\/alarmasg\/terrenosenventa.es\/wp-content\/uploads\/wp-all-import\/nameimg-Terreno-Comercial-Terreno-en-venta-Caleta-de-VxE9lez-R4297894_ter.jpg","url":"https:\/\/terrenosenventa.es\/wp-content\/uploads\/wp-all-import\/nameimg-Terreno-Comercial-Terreno-en-venta-Caleta-de-VxE9lez-R4297894_ter-150x150.jpg","full_url":"https:\/\/terrenosenventa.es\/wp-content\/uploads\/wp-all-import\/nameimg-Terreno-Comercial-Terreno-en-venta-Caleta-de-VxE9lez-R4297894_ter.jpg","title":"Terreno Comercial en Venta en Caleta de V&#xE9;lez","caption":"Terreno Comercial en Venta en Caleta de V&#xE9;lez","description":"","alt":"Terreno Comercial en Venta en Caleta de V&#xE9;lez","srcset":false},{"width":150,"height":150,"file":"wp-all-import\/nameimg-Terreno-Comercial-Terreno-en-venta-Caleta-de-VxE9lez-R4297894_ter-1.jpg","filesize":46531,"sizes":{"medium":{"file":"nameimg-Terreno-Comercial-Terreno-en-venta-Caleta-de-VxE9lez-R4297894_ter-1-300x169.jpg","width":300,"height":169,"mime-type":"image\/jpeg","filesize":17160,"url":"https:\/\/terrenosenventa.es\/wp-content\/uploads\/wp-all-import\/nameimg-Terreno-Comercial-Terreno-en-venta-Caleta-de-VxE9lez-R4297894_ter-1-300x169.jpg"},"thumbnail":{"file":"nameimg-Terreno-Comercial-Terreno-en-venta-Caleta-de-VxE9lez-R4297894_ter-1-150x150.jpg","width":150,"height":150,"mime-type":"image\/jpeg","filesize":8284,"url":"https:\/\/terrenosenventa.es\/wp-content\/uploads\/wp-all-import\/nameimg-Terreno-Comercial-Terreno-en-venta-Caleta-de-VxE9lez-R4297894_ter-1-150x150.jpg"},"trp-custom-language-flag":{"file":"nameimg-Terreno-Comercial-Terreno-en-venta-Caleta-de-VxE9lez-R4297894_ter-1-18x10.jpg","width":18,"height":10,"mime-type":"image\/jpeg","filesize":469,"url":"https:\/\/terrenosenventa.es\/wp-content\/uploads\/wp-all-import\/nameimg-Terreno-Comercial-Terreno-en-venta-Caleta-de-VxE9lez-R4297894_ter-1-18x10.jpg"},"post-thumbnail":{"file":"nameimg-Terreno-Comercial-Terreno-en-venta-Caleta-de-VxE9lez-R4297894_ter-1-150x84.jpg","width":150,"height":84,"mime-type":"image\/jpeg","filesize":4901,"url":"https:\/\/terrenosenventa.es\/wp-content\/uploads\/wp-all-import\/nameimg-Terreno-Comercial-Terreno-en-venta-Caleta-de-VxE9lez-R4297894_ter-1-150x84.jpg"},"property-detail-slider-thumb":{"file":"nameimg-Terreno-Comercial-Terreno-en-venta-Caleta-de-VxE9lez-R4297894_ter-1-82x60.jpg","width":82,"height":60,"mime-type":"image\/jpeg","filesize":2370,"url":"https:\/\/terrenosenventa.es\/wp-content\/uploads\/wp-all-import\/nameimg-Terreno-Comercial-Terreno-en-venta-Caleta-de-VxE9lez-R4297894_ter-1-82x60.jpg"}},"image_meta":{"aperture":"0","credit":"","camera":"","caption":"","created_timestamp":"0","copyright":"","focal_length":"0","iso":"0","shutter_speed":"0","title":"","orientation":"0","keywords":[]},"ID":"220129","name":"nameimg-Terreno-Comercial-Terreno-en-venta-Caleta-de-VxE9lez-R4297894_ter-1.jpg","path":"\/home\/alarmasg\/terrenosenventa.es\/wp-content\/uploads\/wp-all-import\/nameimg-Terreno-Comercial-Terreno-en-venta-Caleta-de-VxE9lez-R4297894_ter-1.jpg","url":"https:\/\/terrenosenventa.es\/wp-content\/uploads\/wp-all-import\/nameimg-Terreno-Comercial-Terreno-en-venta-Caleta-de-VxE9lez-R4297894_ter-1-150x150.jpg","full_url":"https:\/\/terrenosenventa.es\/wp-content\/uploads\/wp-all-import\/nameimg-Terreno-Comercial-Terreno-en-venta-Caleta-de-VxE9lez-R4297894_ter-1.jpg","title":"Terreno Comercial en Venta en Caleta de V&#xE9;lez","caption":"Terreno Comercial en Venta en Caleta de V&#xE9;lez","description":"","alt":"Terreno Comercial en Venta en Caleta de V&#xE9;lez","srcset":false},{"width":150,"height":150,"file":"wp-all-import\/nameimg-Terreno-Comercial-Terreno-en-venta-Caleta-de-VxE9lez-R4297894_ter-2.jpg","filesize":31525,"sizes":{"medium":{"file":"nameimg-Terreno-Comercial-Terreno-en-venta-Caleta-de-VxE9lez-R4297894_ter-2-300x169.jpg","width":300,"height":169,"mime-type":"image\/jpeg","filesize":12045,"url":"https:\/\/terrenosenventa.es\/wp-content\/uploads\/wp-all-import\/nameimg-Terreno-Comercial-Terreno-en-venta-Caleta-de-VxE9lez-R4297894_ter-2-300x169.jpg"},"thumbnail":{"file":"nameimg-Terreno-Comercial-Terreno-en-venta-Caleta-de-VxE9lez-R4297894_ter-2-150x150.jpg","width":150,"height":150,"mime-type":"image\/jpeg","filesize":6216,"url":"https:\/\/terrenosenventa.es\/wp-content\/uploads\/wp-all-import\/nameimg-Terreno-Comercial-Terreno-en-venta-Caleta-de-VxE9lez-R4297894_ter-2-150x150.jpg"},"trp-custom-language-flag":{"file":"nameimg-Terreno-Comercial-Terreno-en-venta-Caleta-de-VxE9lez-R4297894_ter-2-18x10.jpg","width":18,"height":10,"mime-type":"image\/jpeg","filesize":480,"url":"https:\/\/terrenosenventa.es\/wp-content\/uploads\/wp-all-import\/nameimg-Terreno-Comercial-Terreno-en-venta-Caleta-de-VxE9lez-R4297894_ter-2-18x10.jpg"},"post-thumbnail":{"file":"nameimg-Terreno-Comercial-Terreno-en-venta-Caleta-de-VxE9lez-R4297894_ter-2-150x84.jpg","width":150,"height":84,"mime-type":"image\/jpeg","filesize":3636,"url":"https:\/\/terrenosenventa.es\/wp-content\/uploads\/wp-all-import\/nameimg-Terreno-Comercial-Terreno-en-venta-Caleta-de-VxE9lez-R4297894_ter-2-150x84.jpg"},"property-detail-slider-thumb":{"file":"nameimg-Terreno-Comercial-Terreno-en-venta-Caleta-de-VxE9lez-R4297894_ter-2-82x60.jpg","width":82,"height":60,"mime-type":"image\/jpeg","filesize":1866,"url":"https:\/\/terrenosenventa.es\/wp-content\/uploads\/wp-all-import\/nameimg-Terreno-Comercial-Terreno-en-venta-Caleta-de-VxE9lez-R4297894_ter-2-82x60.jpg"}},"image_meta":{"aperture":"0","credit":"","camera":"","caption":"","created_timestamp":"0","copyright":"","focal_length":"0","iso":"0","shutter_speed":"0","title":"","orientation":"0","keywords":[]},"ID":"220130","name":"nameimg-Terreno-Comercial-Terreno-en-venta-Caleta-de-VxE9lez-R4297894_ter-2.jpg","path":"\/home\/alarmasg\/terrenosenventa.es\/wp-content\/uploads\/wp-all-import\/nameimg-Terreno-Comercial-Terreno-en-venta-Caleta-de-VxE9lez-R4297894_ter-2.jpg","url":"https:\/\/terrenosenventa.es\/wp-content\/uploads\/wp-all-import\/nameimg-Terreno-Comercial-Terreno-en-venta-Caleta-de-VxE9lez-R4297894_ter-2-150x150.jpg","full_url":"https:\/\/terrenosenventa.es\/wp-content\/uploads\/wp-all-import\/nameimg-Terreno-Comercial-Terreno-en-venta-Caleta-de-VxE9lez-R4297894_ter-2.jpg","title":"Terreno Comercial en Venta en Caleta de V&#xE9;lez","caption":"Terreno Comercial en Venta en Caleta de V&#xE9;lez","description":"","alt":"Terreno Comercial en Venta en Caleta de V&#xE9;lez","srcset":false},{"width":150,"height":150,"file":"wp-all-import\/nameimg-Terreno-Comercial-Terreno-en-venta-Caleta-de-VxE9lez-R4297894_ter-3.jpg","filesize":46491,"sizes":{"medium":{"file":"nameimg-Terreno-Comercial-Terreno-en-venta-Caleta-de-VxE9lez-R4297894_ter-3-300x169.jpg","width":300,"height":169,"mime-type":"image\/jpeg","filesize":17308,"url":"https:\/\/terrenosenventa.es\/wp-content\/uploads\/wp-all-import\/nameimg-Terreno-Comercial-Terreno-en-venta-Caleta-de-VxE9lez-R4297894_ter-3-300x169.jpg"},"thumbnail":{"file":"nameimg-Terreno-Comercial-Terreno-en-venta-Caleta-de-VxE9lez-R4297894_ter-3-150x150.jpg","width":150,"height":150,"mime-type":"image\/jpeg","filesize":7499,"url":"https:\/\/terrenosenventa.es\/wp-content\/uploads\/wp-all-import\/nameimg-Terreno-Comercial-Terreno-en-venta-Caleta-de-VxE9lez-R4297894_ter-3-150x150.jpg"},"trp-custom-language-flag":{"file":"nameimg-Terreno-Comercial-Terreno-en-venta-Caleta-de-VxE9lez-R4297894_ter-3-18x10.jpg","width":18,"height":10,"mime-type":"image\/jpeg","filesize":484,"url":"https:\/\/terrenosenventa.es\/wp-content\/uploads\/wp-all-import\/nameimg-Terreno-Comercial-Terreno-en-venta-Caleta-de-VxE9lez-R4297894_ter-3-18x10.jpg"},"post-thumbnail":{"file":"nameimg-Terreno-Comercial-Terreno-en-venta-Caleta-de-VxE9lez-R4297894_ter-3-150x84.jpg","width":150,"height":84,"mime-type":"image\/jpeg","filesize":4799,"url":"https:\/\/terrenosenventa.es\/wp-content\/uploads\/wp-all-import\/nameimg-Terreno-Comercial-Terreno-en-venta-Caleta-de-VxE9lez-R4297894_ter-3-150x84.jpg"},"property-detail-slider-thumb":{"file":"nameimg-Terreno-Comercial-Terreno-en-venta-Caleta-de-VxE9lez-R4297894_ter-3-82x60.jpg","width":82,"height":60,"mime-type":"image\/jpeg","filesize":2182,"url":"https:\/\/terrenosenventa.es\/wp-content\/uploads\/wp-all-import\/nameimg-Terreno-Comercial-Terreno-en-venta-Caleta-de-VxE9lez-R4297894_ter-3-82x60.jpg"}},"image_meta":{"aperture":"0","credit":"","camera":"","caption":"","created_timestamp":"0","copyright":"","focal_length":"0","iso":"0","shutter_speed":"0","title":"","orientation":"0","keywords":[]},"ID":"220131","name":"nameimg-Terreno-Comercial-Terreno-en-venta-Caleta-de-VxE9lez-R4297894_ter-3.jpg","path":"\/home\/alarmasg\/terrenosenventa.es\/wp-content\/uploads\/wp-all-import\/nameimg-Terreno-Comercial-Terreno-en-venta-Caleta-de-VxE9lez-R4297894_ter-3.jpg","url":"https:\/\/terrenosenventa.es\/wp-content\/uploads\/wp-all-import\/nameimg-Terreno-Comercial-Terreno-en-venta-Caleta-de-VxE9lez-R4297894_ter-3-150x150.jpg","full_url":"https:\/\/terrenosenventa.es\/wp-content\/uploads\/wp-all-import\/nameimg-Terreno-Comercial-Terreno-en-venta-Caleta-de-VxE9lez-R4297894_ter-3.jpg","title":"Terreno Comercial en Venta en Caleta de V&#xE9;lez","caption":"Terreno Comercial en Venta en Caleta de V&#xE9;lez","description":"","alt":"Terreno Comercial en Venta en Caleta de V&#xE9;lez","srcset":false},{"width":150,"height":150,"file":"wp-all-import\/nameimg-Terreno-Comercial-Terreno-en-venta-Caleta-de-VxE9lez-R4297894_ter-4.jpg","filesize":48973,"sizes":{"medium":{"file":"nameimg-Terreno-Comercial-Terreno-en-venta-Caleta-de-VxE9lez-R4297894_ter-4-300x169.jpg","width":300,"height":169,"mime-type":"image\/jpeg","filesize":18690,"url":"https:\/\/terrenosenventa.es\/wp-content\/uploads\/wp-all-import\/nameimg-Terreno-Comercial-Terreno-en-venta-Caleta-de-VxE9lez-R4297894_ter-4-300x169.jpg"},"thumbnail":{"file":"nameimg-Terreno-Comercial-Terreno-en-venta-Caleta-de-VxE9lez-R4297894_ter-4-150x150.jpg","width":150,"height":150,"mime-type":"image\/jpeg","filesize":8799,"url":"https:\/\/terrenosenventa.es\/wp-content\/uploads\/wp-all-import\/nameimg-Terreno-Comercial-Terreno-en-venta-Caleta-de-VxE9lez-R4297894_ter-4-150x150.jpg"},"trp-custom-language-flag":{"file":"nameimg-Terreno-Comercial-Terreno-en-venta-Caleta-de-VxE9lez-R4297894_ter-4-18x10.jpg","width":18,"height":10,"mime-type":"image\/jpeg","filesize":511,"url":"https:\/\/terrenosenventa.es\/wp-content\/uploads\/wp-all-import\/nameimg-Terreno-Comercial-Terreno-en-venta-Caleta-de-VxE9lez-R4297894_ter-4-18x10.jpg"},"post-thumbnail":{"file":"nameimg-Terreno-Comercial-Terreno-en-venta-Caleta-de-VxE9lez-R4297894_ter-4-150x84.jpg","width":150,"height":84,"mime-type":"image\/jpeg","filesize":5428,"url":"https:\/\/terrenosenventa.es\/wp-content\/uploads\/wp-all-import\/nameimg-Terreno-Comercial-Terreno-en-venta-Caleta-de-VxE9lez-R4297894_ter-4-150x84.jpg"},"property-detail-slider-thumb":{"file":"nameimg-Terreno-Comercial-Terreno-en-venta-Caleta-de-VxE9lez-R4297894_ter-4-82x60.jpg","width":82,"height":60,"mime-type":"image\/jpeg","filesize":2563,"url":"https:\/\/terrenosenventa.es\/wp-content\/uploads\/wp-all-import\/nameimg-Terreno-Comercial-Terreno-en-venta-Caleta-de-VxE9lez-R4297894_ter-4-82x60.jpg"}},"image_meta":{"aperture":"0","credit":"","camera":"","caption":"","created_timestamp":"0","copyright":"","focal_length":"0","iso":"0","shutter_speed":"0","title":"","orientation":"0","keywords":[]},"ID":"220132","name":"nameimg-Terreno-Comercial-Terreno-en-venta-Caleta-de-VxE9lez-R4297894_ter-4.jpg","path":"\/home\/alarmasg\/terrenosenventa.es\/wp-content\/uploads\/wp-all-import\/nameimg-Terreno-Comercial-Terreno-en-venta-Caleta-de-VxE9lez-R4297894_ter-4.jpg","url":"https:\/\/terrenosenventa.es\/wp-content\/uploads\/wp-all-import\/nameimg-Terreno-Comercial-Terreno-en-venta-Caleta-de-VxE9lez-R4297894_ter-4-150x150.jpg","full_url":"https:\/\/terrenosenventa.es\/wp-content\/uploads\/wp-all-import\/nameimg-Terreno-Comercial-Terreno-en-venta-Caleta-de-VxE9lez-R4297894_ter-4.jpg","title":"Terreno Comercial en Venta en Caleta de V&#xE9;lez","caption":"Terreno Comercial en Venta en Caleta de V&#xE9;lez","description":"","alt":"Terreno Comercial en Venta en Caleta de V&#xE9;lez","srcset":false},{"width":150,"height":150,"file":"wp-all-import\/nameimg-Terreno-Comercial-Terreno-en-venta-Caleta-de-VxE9lez-R4297894_ter-5.jpg","filesize":40362,"sizes":{"medium":{"file":"nameimg-Terreno-Comercial-Terreno-en-venta-Caleta-de-VxE9lez-R4297894_ter-5-300x169.jpg","width":300,"height":169,"mime-type":"image\/jpeg","filesize":16192,"url":"https:\/\/terrenosenventa.es\/wp-content\/uploads\/wp-all-import\/nameimg-Terreno-Comercial-Terreno-en-venta-Caleta-de-VxE9lez-R4297894_ter-5-300x169.jpg"},"thumbnail":{"file":"nameimg-Terreno-Comercial-Terreno-en-venta-Caleta-de-VxE9lez-R4297894_ter-5-150x150.jpg","width":150,"height":150,"mime-type":"image\/jpeg","filesize":7242,"url":"https:\/\/terrenosenventa.es\/wp-content\/uploads\/wp-all-import\/nameimg-Terreno-Comercial-Terreno-en-venta-Caleta-de-VxE9lez-R4297894_ter-5-150x150.jpg"},"trp-custom-language-flag":{"file":"nameimg-Terreno-Comercial-Terreno-en-venta-Caleta-de-VxE9lez-R4297894_ter-5-18x10.jpg","width":18,"height":10,"mime-type":"image\/jpeg","filesize":532,"url":"https:\/\/terrenosenventa.es\/wp-content\/uploads\/wp-all-import\/nameimg-Terreno-Comercial-Terreno-en-venta-Caleta-de-VxE9lez-R4297894_ter-5-18x10.jpg"},"post-thumbnail":{"file":"nameimg-Terreno-Comercial-Terreno-en-venta-Caleta-de-VxE9lez-R4297894_ter-5-150x84.jpg","width":150,"height":84,"mime-type":"image\/jpeg","filesize":5076,"url":"https:\/\/terrenosenventa.es\/wp-content\/uploads\/wp-all-import\/nameimg-Terreno-Comercial-Terreno-en-venta-Caleta-de-VxE9lez-R4297894_ter-5-150x84.jpg"},"property-detail-slider-thumb":{"file":"nameimg-Terreno-Comercial-Terreno-en-venta-Caleta-de-VxE9lez-R4297894_ter-5-82x60.jpg","width":82,"height":60,"mime-type":"image\/jpeg","filesize":2458,"url":"https:\/\/terrenosenventa.es\/wp-content\/uploads\/wp-all-import\/nameimg-Terreno-Comercial-Terreno-en-venta-Caleta-de-VxE9lez-R4297894_ter-5-82x60.jpg"}},"image_meta":{"aperture":"0","credit":"","camera":"","caption":"","created_timestamp":"0","copyright":"","focal_length":"0","iso":"0","shutter_speed":"0","title":"","orientation":"0","keywords":[]},"ID":"220133","name":"nameimg-Terreno-Comercial-Terreno-en-venta-Caleta-de-VxE9lez-R4297894_ter-5.jpg","path":"\/home\/alarmasg\/terrenosenventa.es\/wp-content\/uploads\/wp-all-import\/nameimg-Terreno-Comercial-Terreno-en-venta-Caleta-de-VxE9lez-R4297894_ter-5.jpg","url":"https:\/\/terrenosenventa.es\/wp-content\/uploads\/wp-all-import\/nameimg-Terreno-Comercial-Terreno-en-venta-Caleta-de-VxE9lez-R4297894_ter-5-150x150.jpg","full_url":"https:\/\/terrenosenventa.es\/wp-content\/uploads\/wp-all-import\/nameimg-Terreno-Comercial-Terreno-en-venta-Caleta-de-VxE9lez-R4297894_ter-5.jpg","title":"Terreno Comercial en Venta en Caleta de V&#xE9;lez","caption":"Terreno Comercial en Venta en Caleta de V&#xE9;lez","description":"","alt":"Terreno Comercial en Venta en Caleta de V&#xE9;lez","srcset":false},{"width":150,"height":150,"file":"wp-all-import\/nameimg-Terreno-Comercial-Terreno-en-venta-Caleta-de-VxE9lez-R4297894_ter-6.jpg","filesize":36614,"sizes":{"medium":{"file":"nameimg-Terreno-Comercial-Terreno-en-venta-Caleta-de-VxE9lez-R4297894_ter-6-300x169.jpg","width":300,"height":169,"mime-type":"image\/jpeg","filesize":14361,"url":"https:\/\/terrenosenventa.es\/wp-content\/uploads\/wp-all-import\/nameimg-Terreno-Comercial-Terreno-en-venta-Caleta-de-VxE9lez-R4297894_ter-6-300x169.jpg"},"thumbnail":{"file":"nameimg-Terreno-Comercial-Terreno-en-venta-Caleta-de-VxE9lez-R4297894_ter-6-150x150.jpg","width":150,"height":150,"mime-type":"image\/jpeg","filesize":6592,"url":"https:\/\/terrenosenventa.es\/wp-content\/uploads\/wp-all-import\/nameimg-Terreno-Comercial-Terreno-en-venta-Caleta-de-VxE9lez-R4297894_ter-6-150x150.jpg"},"trp-custom-language-flag":{"file":"nameimg-Terreno-Comercial-Terreno-en-venta-Caleta-de-VxE9lez-R4297894_ter-6-18x10.jpg","width":18,"height":10,"mime-type":"image\/jpeg","filesize":516,"url":"https:\/\/terrenosenventa.es\/wp-content\/uploads\/wp-all-import\/nameimg-Terreno-Comercial-Terreno-en-venta-Caleta-de-VxE9lez-R4297894_ter-6-18x10.jpg"},"post-thumbnail":{"file":"nameimg-Terreno-Comercial-Terreno-en-venta-Caleta-de-VxE9lez-R4297894_ter-6-150x84.jpg","width":150,"height":84,"mime-type":"image\/jpeg","filesize":4601,"url":"https:\/\/terrenosenventa.es\/wp-content\/uploads\/wp-all-import\/nameimg-Terreno-Comercial-Terreno-en-venta-Caleta-de-VxE9lez-R4297894_ter-6-150x84.jpg"},"property-detail-slider-thumb":{"file":"nameimg-Terreno-Comercial-Terreno-en-venta-Caleta-de-VxE9lez-R4297894_ter-6-82x60.jpg","width":82,"height":60,"mime-type":"image\/jpeg","filesize":2216,"url":"https:\/\/terrenosenventa.es\/wp-content\/uploads\/wp-all-import\/nameimg-Terreno-Comercial-Terreno-en-venta-Caleta-de-VxE9lez-R4297894_ter-6-82x60.jpg"}},"image_meta":{"aperture":"0","credit":"","camera":"","caption":"","created_timestamp":"0","copyright":"","focal_length":"0","iso":"0","shutter_speed":"0","title":"","orientation":"0","keywords":[]},"ID":"220134","name":"nameimg-Terreno-Comercial-Terreno-en-venta-Caleta-de-VxE9lez-R4297894_ter-6.jpg","path":"\/home\/alarmasg\/terrenosenventa.es\/wp-content\/uploads\/wp-all-import\/nameimg-Terreno-Comercial-Terreno-en-venta-Caleta-de-VxE9lez-R4297894_ter-6.jpg","url":"https:\/\/terrenosenventa.es\/wp-content\/uploads\/wp-all-import\/nameimg-Terreno-Comercial-Terreno-en-venta-Caleta-de-VxE9lez-R4297894_ter-6-150x150.jpg","full_url":"https:\/\/terrenosenventa.es\/wp-content\/uploads\/wp-all-import\/nameimg-Terreno-Comercial-Terreno-en-venta-Caleta-de-VxE9lez-R4297894_ter-6.jpg","title":"Terreno Comercial en Venta en Caleta de V&#xE9;lez","caption":"Terreno Comercial en Venta en Caleta de V&#xE9;lez","description":"","alt":"Terreno Comercial en Venta en Caleta de V&#xE9;lez","srcset":false},{"width":150,"height":150,"file":"wp-all-import\/nameimg-Terreno-Comercial-Terreno-en-venta-Caleta-de-VxE9lez-R4297894_ter-7.jpg","filesize":38017,"sizes":{"medium":{"file":"nameimg-Terreno-Comercial-Terreno-en-venta-Caleta-de-VxE9lez-R4297894_ter-7-300x169.jpg","width":300,"height":169,"mime-type":"image\/jpeg","filesize":15015,"url":"https:\/\/terrenosenventa.es\/wp-content\/uploads\/wp-all-import\/nameimg-Terreno-Comercial-Terreno-en-venta-Caleta-de-VxE9lez-R4297894_ter-7-300x169.jpg"},"thumbnail":{"file":"nameimg-Terreno-Comercial-Terreno-en-venta-Caleta-de-VxE9lez-R4297894_ter-7-150x150.jpg","width":150,"height":150,"mime-type":"image\/jpeg","filesize":6606,"url":"https:\/\/terrenosenventa.es\/wp-content\/uploads\/wp-all-import\/nameimg-Terreno-Comercial-Terreno-en-venta-Caleta-de-VxE9lez-R4297894_ter-7-150x150.jpg"},"trp-custom-language-flag":{"file":"nameimg-Terreno-Comercial-Terreno-en-venta-Caleta-de-VxE9lez-R4297894_ter-7-18x10.jpg","width":18,"height":10,"mime-type":"image\/jpeg","filesize":516,"url":"https:\/\/terrenosenventa.es\/wp-content\/uploads\/wp-all-import\/nameimg-Terreno-Comercial-Terreno-en-venta-Caleta-de-VxE9lez-R4297894_ter-7-18x10.jpg"},"post-thumbnail":{"file":"nameimg-Terreno-Comercial-Terreno-en-venta-Caleta-de-VxE9lez-R4297894_ter-7-150x84.jpg","width":150,"height":84,"mime-type":"image\/jpeg","filesize":4680,"url":"https:\/\/terrenosenventa.es\/wp-content\/uploads\/wp-all-import\/nameimg-Terreno-Comercial-Terreno-en-venta-Caleta-de-VxE9lez-R4297894_ter-7-150x84.jpg"},"property-detail-slider-thumb":{"file":"nameimg-Terreno-Comercial-Terreno-en-venta-Caleta-de-VxE9lez-R4297894_ter-7-82x60.jpg","width":82,"height":60,"mime-type":"image\/jpeg","filesize":2287,"url":"https:\/\/terrenosenventa.es\/wp-content\/uploads\/wp-all-import\/nameimg-Terreno-Comercial-Terreno-en-venta-Caleta-de-VxE9lez-R4297894_ter-7-82x60.jpg"}},"image_meta":{"aperture":"0","credit":"","camera":"","caption":"","created_timestamp":"0","copyright":"","focal_length":"0","iso":"0","shutter_speed":"0","title":"","orientation":"0","keywords":[]},"ID":"220135","name":"nameimg-Terreno-Comercial-Terreno-en-venta-Caleta-de-VxE9lez-R4297894_ter-7.jpg","path":"\/home\/alarmasg\/terrenosenventa.es\/wp-content\/uploads\/wp-all-import\/nameimg-Terreno-Comercial-Terreno-en-venta-Caleta-de-VxE9lez-R4297894_ter-7.jpg","url":"https:\/\/terrenosenventa.es\/wp-content\/uploads\/wp-all-import\/nameimg-Terreno-Comercial-Terreno-en-venta-Caleta-de-VxE9lez-R4297894_ter-7-150x150.jpg","full_url":"https:\/\/terrenosenventa.es\/wp-content\/uploads\/wp-all-import\/nameimg-Terreno-Comercial-Terreno-en-venta-Caleta-de-VxE9lez-R4297894_ter-7.jpg","title":"Terreno Comercial en Venta en Caleta de V&#xE9;lez","caption":"Terreno Comercial en Venta en Caleta de V&#xE9;lez","description":"","alt":"Terreno Comercial en Venta en Caleta de V&#xE9;lez","srcset":false},{"width":150,"height":150,"file":"wp-all-import\/nameimg-Terreno-Comercial-Terreno-en-venta-Caleta-de-VxE9lez-R4297894_ter-8.jpg","filesize":39636,"sizes":{"medium":{"file":"nameimg-Terreno-Comercial-Terreno-en-venta-Caleta-de-VxE9lez-R4297894_ter-8-300x169.jpg","width":300,"height":169,"mime-type":"image\/jpeg","filesize":15990,"url":"https:\/\/terrenosenventa.es\/wp-content\/uploads\/wp-all-import\/nameimg-Terreno-Comercial-Terreno-en-venta-Caleta-de-VxE9lez-R4297894_ter-8-300x169.jpg"},"thumbnail":{"file":"nameimg-Terreno-Comercial-Terreno-en-venta-Caleta-de-VxE9lez-R4297894_ter-8-150x150.jpg","width":150,"height":150,"mime-type":"image\/jpeg","filesize":7231,"url":"https:\/\/terrenosenventa.es\/wp-content\/uploads\/wp-all-import\/nameimg-Terreno-Comercial-Terreno-en-venta-Caleta-de-VxE9lez-R4297894_ter-8-150x150.jpg"},"trp-custom-language-flag":{"file":"nameimg-Terreno-Comercial-Terreno-en-venta-Caleta-de-VxE9lez-R4297894_ter-8-18x10.jpg","width":18,"height":10,"mime-type":"image\/jpeg","filesize":534,"url":"https:\/\/terrenosenventa.es\/wp-content\/uploads\/wp-all-import\/nameimg-Terreno-Comercial-Terreno-en-venta-Caleta-de-VxE9lez-R4297894_ter-8-18x10.jpg"},"post-thumbnail":{"file":"nameimg-Terreno-Comercial-Terreno-en-venta-Caleta-de-VxE9lez-R4297894_ter-8-150x84.jpg","width":150,"height":84,"mime-type":"image\/jpeg","filesize":5028,"url":"https:\/\/terrenosenventa.es\/wp-content\/uploads\/wp-all-import\/nameimg-Terreno-Comercial-Terreno-en-venta-Caleta-de-VxE9lez-R4297894_ter-8-150x84.jpg"},"property-detail-slider-thumb":{"file":"nameimg-Terreno-Comercial-Terreno-en-venta-Caleta-de-VxE9lez-R4297894_ter-8-82x60.jpg","width":82,"height":60,"mime-type":"image\/jpeg","filesize":2455,"url":"https:\/\/terrenosenventa.es\/wp-content\/uploads\/wp-all-import\/nameimg-Terreno-Comercial-Terreno-en-venta-Caleta-de-VxE9lez-R4297894_ter-8-82x60.jpg"}},"image_meta":{"aperture":"0","credit":"","camera":"","caption":"","created_timestamp":"0","copyright":"","focal_length":"0","iso":"0","shutter_speed":"0","title":"","orientation":"0","keywords":[]},"ID":"220136","name":"nameimg-Terreno-Comercial-Terreno-en-venta-Caleta-de-VxE9lez-R4297894_ter-8.jpg","path":"\/home\/alarmasg\/terrenosenventa.es\/wp-content\/uploads\/wp-all-import\/nameimg-Terreno-Comercial-Terreno-en-venta-Caleta-de-VxE9lez-R4297894_ter-8.jpg","url":"https:\/\/terrenosenventa.es\/wp-content\/uploads\/wp-all-import\/nameimg-Terreno-Comercial-Terreno-en-venta-Caleta-de-VxE9lez-R4297894_ter-8-150x150.jpg","full_url":"https:\/\/terrenosenventa.es\/wp-content\/uploads\/wp-all-import\/nameimg-Terreno-Comercial-Terreno-en-venta-Caleta-de-VxE9lez-R4297894_ter-8.jpg","title":"Terreno Comercial en Venta en Caleta de V&#xE9;lez","caption":"Terreno Comercial en Venta en Caleta de V&#xE9;lez","description":"","alt":"Terreno Comercial en Venta en Caleta de V&#xE9;lez","srcset":false},{"width":150,"height":150,"file":"wp-all-import\/nameimg-Terreno-Comercial-Terreno-en-venta-Caleta-de-VxE9lez-R4297894_ter-9.jpg","filesize":30252,"sizes":{"medium":{"file":"nameimg-Terreno-Comercial-Terreno-en-venta-Caleta-de-VxE9lez-R4297894_ter-9-300x169.jpg","width":300,"height":169,"mime-type":"image\/jpeg","filesize":11730,"url":"https:\/\/terrenosenventa.es\/wp-content\/uploads\/wp-all-import\/nameimg-Terreno-Comercial-Terreno-en-venta-Caleta-de-VxE9lez-R4297894_ter-9-300x169.jpg"},"thumbnail":{"file":"nameimg-Terreno-Comercial-Terreno-en-venta-Caleta-de-VxE9lez-R4297894_ter-9-150x150.jpg","width":150,"height":150,"mime-type":"image\/jpeg","filesize":5910,"url":"https:\/\/terrenosenventa.es\/wp-content\/uploads\/wp-all-import\/nameimg-Terreno-Comercial-Terreno-en-venta-Caleta-de-VxE9lez-R4297894_ter-9-150x150.jpg"},"trp-custom-language-flag":{"file":"nameimg-Terreno-Comercial-Terreno-en-venta-Caleta-de-VxE9lez-R4297894_ter-9-18x10.jpg","width":18,"height":10,"mime-type":"image\/jpeg","filesize":508,"url":"https:\/\/terrenosenventa.es\/wp-content\/uploads\/wp-all-import\/nameimg-Terreno-Comercial-Terreno-en-venta-Caleta-de-VxE9lez-R4297894_ter-9-18x10.jpg"},"post-thumbnail":{"file":"nameimg-Terreno-Comercial-Terreno-en-venta-Caleta-de-VxE9lez-R4297894_ter-9-150x84.jpg","width":150,"height":84,"mime-type":"image\/jpeg","filesize":3710,"url":"https:\/\/terrenosenventa.es\/wp-content\/uploads\/wp-all-import\/nameimg-Terreno-Comercial-Terreno-en-venta-Caleta-de-VxE9lez-R4297894_ter-9-150x84.jpg"},"property-detail-slider-thumb":{"file":"nameimg-Terreno-Comercial-Terreno-en-venta-Caleta-de-VxE9lez-R4297894_ter-9-82x60.jpg","width":82,"height":60,"mime-type":"image\/jpeg","filesize":1966,"url":"https:\/\/terrenosenventa.es\/wp-content\/uploads\/wp-all-import\/nameimg-Terreno-Comercial-Terreno-en-venta-Caleta-de-VxE9lez-R4297894_ter-9-82x60.jpg"}},"image_meta":{"aperture":"0","credit":"","camera":"","caption":"","created_timestamp":"0","copyright":"","focal_length":"0","iso":"0","shutter_speed":"0","title":"","orientation":"0","keywords":[]},"ID":"220137","name":"nameimg-Terreno-Comercial-Terreno-en-venta-Caleta-de-VxE9lez-R4297894_ter-9.jpg","path":"\/home\/alarmasg\/terrenosenventa.es\/wp-content\/uploads\/wp-all-import\/nameimg-Terreno-Comercial-Terreno-en-venta-Caleta-de-VxE9lez-R4297894_ter-9.jpg","url":"https:\/\/terrenosenventa.es\/wp-content\/uploads\/wp-all-import\/nameimg-Terreno-Comercial-Terreno-en-venta-Caleta-de-VxE9lez-R4297894_ter-9-150x150.jpg","full_url":"https:\/\/terrenosenventa.es\/wp-content\/uploads\/wp-all-import\/nameimg-Terreno-Comercial-Terreno-en-venta-Caleta-de-VxE9lez-R4297894_ter-9.jpg","title":"Terreno Comercial en Venta en Caleta de V&#xE9;lez","caption":"Terreno Comercial en Venta en Caleta de V&#xE9;lez","description":"","alt":"Terreno Comercial en Venta en Caleta de V&#xE9;lez","srcset":false},{"width":150,"height":150,"file":"wp-all-import\/nameimg-Terreno-Comercial-Terreno-en-venta-Caleta-de-VxE9lez-R4297894_ter-10.jpg","filesize":50886,"sizes":{"medium":{"file":"nameimg-Terreno-Comercial-Terreno-en-venta-Caleta-de-VxE9lez-R4297894_ter-10-300x169.jpg","width":300,"height":169,"mime-type":"image\/jpeg","filesize":20068,"url":"https:\/\/terrenosenventa.es\/wp-content\/uploads\/wp-all-import\/nameimg-Terreno-Comercial-Terreno-en-venta-Caleta-de-VxE9lez-R4297894_ter-10-300x169.jpg"},"thumbnail":{"file":"nameimg-Terreno-Comercial-Terreno-en-venta-Caleta-de-VxE9lez-R4297894_ter-10-150x150.jpg","width":150,"height":150,"mime-type":"image\/jpeg","filesize":9562,"url":"https:\/\/terrenosenventa.es\/wp-content\/uploads\/wp-all-import\/nameimg-Terreno-Comercial-Terreno-en-venta-Caleta-de-VxE9lez-R4297894_ter-10-150x150.jpg"},"trp-custom-language-flag":{"file":"nameimg-Terreno-Comercial-Terreno-en-venta-Caleta-de-VxE9lez-R4297894_ter-10-18x10.jpg","width":18,"height":10,"mime-type":"image\/jpeg","filesize":521,"url":"https:\/\/terrenosenventa.es\/wp-content\/uploads\/wp-all-import\/nameimg-Terreno-Comercial-Terreno-en-venta-Caleta-de-VxE9lez-R4297894_ter-10-18x10.jpg"},"post-thumbnail":{"file":"nameimg-Terreno-Comercial-Terreno-en-venta-Caleta-de-VxE9lez-R4297894_ter-10-150x84.jpg","width":150,"height":84,"mime-type":"image\/jpeg","filesize":6108,"url":"https:\/\/terrenosenventa.es\/wp-content\/uploads\/wp-all-import\/nameimg-Terreno-Comercial-Terreno-en-venta-Caleta-de-VxE9lez-R4297894_ter-10-150x84.jpg"},"property-detail-slider-thumb":{"file":"nameimg-Terreno-Comercial-Terreno-en-venta-Caleta-de-VxE9lez-R4297894_ter-10-82x60.jpg","width":82,"height":60,"mime-type":"image\/jpeg","filesize":2903,"url":"https:\/\/terrenosenventa.es\/wp-content\/uploads\/wp-all-import\/nameimg-Terreno-Comercial-Terreno-en-venta-Caleta-de-VxE9lez-R4297894_ter-10-82x60.jpg"}},"image_meta":{"aperture":"0","credit":"","camera":"","caption":"","created_timestamp":"0","copyright":"","focal_length":"0","iso":"0","shutter_speed":"0","title":"","orientation":"0","keywords":[]},"ID":"220138","name":"nameimg-Terreno-Comercial-Terreno-en-venta-Caleta-de-VxE9lez-R4297894_ter-10.jpg","path":"\/home\/alarmasg\/terrenosenventa.es\/wp-content\/uploads\/wp-all-import\/nameimg-Terreno-Comercial-Terreno-en-venta-Caleta-de-VxE9lez-R4297894_ter-10.jpg","url":"https:\/\/terrenosenventa.es\/wp-content\/uploads\/wp-all-import\/nameimg-Terreno-Comercial-Terreno-en-venta-Caleta-de-VxE9lez-R4297894_ter-10-150x150.jpg","full_url":"https:\/\/terrenosenventa.es\/wp-content\/uploads\/wp-all-import\/nameimg-Terreno-Comercial-Terreno-en-venta-Caleta-de-VxE9lez-R4297894_ter-10.jpg","title":"Terreno Comercial en Venta en Caleta de V&#xE9;lez","caption":"Terreno Comercial en Venta en Caleta de V&#xE9;lez","description":"","alt":"Terreno Comercial en Venta en Caleta de V&#xE9;lez","srcset":false},{"width":150,"height":150,"file":"wp-all-import\/nameimg-Terreno-Comercial-Terreno-en-venta-Caleta-de-VxE9lez-R4297894_ter-11.jpg","filesize":54734,"sizes":{"medium":{"file":"nameimg-Terreno-Comercial-Terreno-en-venta-Caleta-de-VxE9lez-R4297894_ter-11-300x169.jpg","width":300,"height":169,"mime-type":"image\/jpeg","filesize":20948,"url":"https:\/\/terrenosenventa.es\/wp-content\/uploads\/wp-all-import\/nameimg-Terreno-Comercial-Terreno-en-venta-Caleta-de-VxE9lez-R4297894_ter-11-300x169.jpg"},"thumbnail":{"file":"nameimg-Terreno-Comercial-Terreno-en-venta-Caleta-de-VxE9lez-R4297894_ter-11-150x150.jpg","width":150,"height":150,"mime-type":"image\/jpeg","filesize":9804,"url":"https:\/\/terrenosenventa.es\/wp-content\/uploads\/wp-all-import\/nameimg-Terreno-Comercial-Terreno-en-venta-Caleta-de-VxE9lez-R4297894_ter-11-150x150.jpg"},"trp-custom-language-flag":{"file":"nameimg-Terreno-Comercial-Terreno-en-venta-Caleta-de-VxE9lez-R4297894_ter-11-18x10.jpg","width":18,"height":10,"mime-type":"image\/jpeg","filesize":508,"url":"https:\/\/terrenosenventa.es\/wp-content\/uploads\/wp-all-import\/nameimg-Terreno-Comercial-Terreno-en-venta-Caleta-de-VxE9lez-R4297894_ter-11-18x10.jpg"},"post-thumbnail":{"file":"nameimg-Terreno-Comercial-Terreno-en-venta-Caleta-de-VxE9lez-R4297894_ter-11-150x84.jpg","width":150,"height":84,"mime-type":"image\/jpeg","filesize":5900,"url":"https:\/\/terrenosenventa.es\/wp-content\/uploads\/wp-all-import\/nameimg-Terreno-Comercial-Terreno-en-venta-Caleta-de-VxE9lez-R4297894_ter-11-150x84.jpg"},"property-detail-slider-thumb":{"file":"nameimg-Terreno-Comercial-Terreno-en-venta-Caleta-de-VxE9lez-R4297894_ter-11-82x60.jpg","width":82,"height":60,"mime-type":"image\/jpeg","filesize":2756,"url":"https:\/\/terrenosenventa.es\/wp-content\/uploads\/wp-all-import\/nameimg-Terreno-Comercial-Terreno-en-venta-Caleta-de-VxE9lez-R4297894_ter-11-82x60.jpg"}},"image_meta":{"aperture":"0","credit":"","camera":"","caption":"","created_timestamp":"0","copyright":"","focal_length":"0","iso":"0","shutter_speed":"0","title":"","orientation":"0","keywords":[]},"ID":"220139","name":"nameimg-Terreno-Comercial-Terreno-en-venta-Caleta-de-VxE9lez-R4297894_ter-11.jpg","path":"\/home\/alarmasg\/terrenosenventa.es\/wp-content\/uploads\/wp-all-import\/nameimg-Terreno-Comercial-Terreno-en-venta-Caleta-de-VxE9lez-R4297894_ter-11.jpg","url":"https:\/\/terrenosenventa.es\/wp-content\/uploads\/wp-all-import\/nameimg-Terreno-Comercial-Terreno-en-venta-Caleta-de-VxE9lez-R4297894_ter-11-150x150.jpg","full_url":"https:\/\/terrenosenventa.es\/wp-content\/uploads\/wp-all-import\/nameimg-Terreno-Comercial-Terreno-en-venta-Caleta-de-VxE9lez-R4297894_ter-11.jpg","title":"Terreno Comercial en Venta en Caleta de V&#xE9;lez","caption":"Terreno Comercial en Venta en Caleta de V&#xE9;lez","description":"","alt":"Terreno Comercial en Venta en Caleta de V&#xE9;lez","srcset":false}],"REAL_HOMES_change_gallery_slider_type":"","REAL_HOMES_gallery_slider_type":"thumb-on-right","inspiry_floor_plans":[],"inspiry_video_group":[],"REAL_HOMES_360_virtual_tour":"","REAL_HOMES_tour_video_url":"","REAL_HOMES_tour_video_image":[],"REAL_HOMES_agent_display_option":"agent_info","REAL_HOMES_agents":["170478"],"REAL_HOMES_energy_class":"","REAL_HOMES_energy_performance":"","REAL_HOMES_epc_current_rating":"","REAL_HOMES_epc_potential_rating":"","REAL_HOMES_sticky":"","inspiry_property_label":"","inspiry_property_label_color":"","inspiry_property_tax":"","inspiry_additional_fee":"","REAL_HOMES_attachments":[],"inspiry_property_owner_name":"","inspiry_property_owner_contact":"","inspiry_property_owner_address":"","REAL_HOMES_property_private_note":"Tipo Terreno Comercial en la zona de Caleta de V&#xE9;lez \u00e1rea Costa del Sol East de la provincia de M&#xE1;laga","inspiry_message_to_reviewer":"","REAL_HOMES_add_in_slider":"no","REAL_HOMES_slider_image":[],"REAL_HOMES_page_banner_image":[],"REAL_HOMES_custom_header_display":"","REAL_HOMES_custom_header_position":"","REAL_HOMES_custom_footer_display":""},"_links":{"self":[{"href":"https:\/\/terrenosenventa.es\/en\/wp-json\/wp\/v2\/terrenos\/212633"}],"collection":[{"href":"https:\/\/terrenosenventa.es\/en\/wp-json\/wp\/v2\/terrenos"}],"about":[{"href":"https:\/\/terrenosenventa.es\/en\/wp-json\/wp\/v2\/types\/property"}],"replies":[{"embeddable":true,"href":"https:\/\/terrenosenventa.es\/en\/wp-json\/wp\/v2\/comments?post=212633"}],"version-history":[{"count":0,"href":"https:\/\/terrenosenventa.es\/en\/wp-json\/wp\/v2\/terrenos\/212633\/revisions"}],"wp:featuredmedia":[{"embeddable":true,"href":"https:\/\/terrenosenventa.es\/en\/wp-json\/wp\/v2\/media\/220128"}],"wp:attachment":[{"href":"https:\/\/terrenosenventa.es\/en\/wp-json\/wp\/v2\/media?parent=212633"}],"wp:term":[{"taxonomy":"property-feature","embeddable":true,"href":"https:\/\/terrenosenventa.es\/en\/wp-json\/wp\/v2\/tipo-terrenos?post=212633"},{"taxonomy":"property-type","embeddable":true,"href":"https:\/\/terrenosenventa.es\/en\/wp-json\/wp\/v2\/tipo-terreno?post=212633"},{"taxonomy":"property-city","embeddable":true,"href":"https:\/\/terrenosenventa.es\/en\/wp-json\/wp\/v2\/terrenos-en?post=212633"},{"taxonomy":"property-status","embeddable":true,"href":"https:\/\/terrenosenventa.es\/en\/wp-json\/wp\/v2\/zona-terrenos?post=212633"}],"curies":[{"name":"wp","href":"https:\/\/api.w.org\/{rel}","templated":true}]}}